{"id":2,"date":"2022-12-17T08:35:37","date_gmt":"2022-12-17T07:35:37","guid":{"rendered":"https:\/\/transpiades.com\/tp\/?page_id=2"},"modified":"2026-04-01T21:30:22","modified_gmt":"2026-04-01T19:30:22","slug":"page-d-exemple","status":"publish","type":"page","link":"https:\/\/transpiades.com\/tp\/","title":{"rendered":"Accueil"},"content":{"rendered":"\n<p class=\"has-text-align-center has-medium-font-size\">Randonn\u00e9e VTT labellis\u00e9e \u00ab\u00a0Randos d&rsquo;Or\u00a0\u00bb depuis 2003, organis\u00e9e par l\u2019association Verdon Trois Terroirs (V3T) depuis 1998. <br><strong>Elle a lieu chaque ann\u00e9e le WE du 2<sup>\u00e8me<\/sup> dimanche de juin.<\/strong><\/p>\n\n\n\n<div style=\"height:24px\" aria-hidden=\"true\" class=\"wp-block-spacer\"><\/div>\n\n\n<div class=\"wp-block-image\">\n<figure class=\"aligncenter size-large\"><img decoding=\"async\" loading=\"lazy\" width=\"1024\" height=\"94\" src=\"https:\/\/transpiades.com\/tp\/wp-content\/uploads\/2025\/11\/Fichier-7-1024x94.png\" alt=\"\" class=\"wp-image-1067\" srcset=\"https:\/\/transpiades.com\/tp\/wp-content\/uploads\/2025\/11\/Fichier-7-1024x94.png 1024w, https:\/\/transpiades.com\/tp\/wp-content\/uploads\/2025\/11\/Fichier-7-300x28.png 300w, https:\/\/transpiades.com\/tp\/wp-content\/uploads\/2025\/11\/Fichier-7-768x71.png 768w, https:\/\/transpiades.com\/tp\/wp-content\/uploads\/2025\/11\/Fichier-7-1536x142.png 1536w, https:\/\/transpiades.com\/tp\/wp-content\/uploads\/2025\/11\/Fichier-7-2048x189.png 2048w\" sizes=\"(max-width: 1024px) 100vw, 1024px\" \/><\/figure><\/div>\n\n<div class=\"wp-block-image\">\n<figure class=\"aligncenter size-large is-resized\"><img decoding=\"async\" loading=\"lazy\" src=\"https:\/\/transpiades.com\/tp\/wp-content\/uploads\/2023\/03\/Logo-transpiades-1024x1024.png\" alt=\"\" class=\"wp-image-77\" width=\"700\" height=\"700\"\/><\/figure><\/div>\n\n\n<div class=\"wp-block-columns is-layout-flex wp-container-2\">\n<div class=\"wp-block-column is-layout-flow\"><div class=\"wp-block-image\">\n<figure class=\"aligncenter size-full is-resized\"><a href=\"https:\/\/velo.ffc.fr\/randonnees\/randos-dor\/\"><img decoding=\"async\" loading=\"lazy\" src=\"https:\/\/transpiades.com\/tp\/wp-content\/uploads\/2023\/03\/RandosOr_2020_Quadri-1024x365-1.png\" alt=\"\" class=\"wp-image-101\" width=\"241\" height=\"86\" srcset=\"https:\/\/transpiades.com\/tp\/wp-content\/uploads\/2023\/03\/RandosOr_2020_Quadri-1024x365-1.png 1024w, https:\/\/transpiades.com\/tp\/wp-content\/uploads\/2023\/03\/RandosOr_2020_Quadri-1024x365-1-300x107.png 300w, https:\/\/transpiades.com\/tp\/wp-content\/uploads\/2023\/03\/RandosOr_2020_Quadri-1024x365-1-768x274.png 768w\" sizes=\"(max-width: 241px) 100vw, 241px\" \/><\/a><\/figure><\/div><\/div>\n<\/div>\n\n\n\n<blockquote class=\"wp-block-quote\">\n<p><em>Devant moi s&rsquo;\u00e9tendait le haut-Var avec ses d\u00e9serts et ses ch\u00e2teaux. Il faudra vraiment dessiner un jour la carte des chemins non carrossables \u00e0 l&rsquo;usage de&nbsp;vrais curieux.&nbsp;On fait des d\u00e9couvertes \u00e0 chaque pas. On arrive au sommet d&rsquo;une colline pour se voir contenu dans un paysage qui ne peut que pousser au bonheur.<\/em><\/p>\n<cite>JEAN GIONO &#8211; <em>Depuis le belv\u00e9d\u00e8re de St Julien le Montagnier<\/em><\/cite><\/blockquote>\n\n\n\n<blockquote class=\"wp-block-quote\">\n<p><strong>TRANSPIADES ? :<\/strong> Les \u00ab piades \u00bb en proven\u00e7al sont les traces laiss\u00e9es par les animaux tels que les sangliers ou le fameux <a href=\"https:\/\/fr.wikipedia.org\/wiki\/Wikip%C3%A9dia:Pastiches\/Phacomoch%C3%A8re_d%27Espigoule\" target=\"_blank\" rel=\"noreferrer noopener\">phacomoch\u00e8re<\/a> sur les parcours qu\u2019ils empruntent.<br>Ainsi, il s\u2019agit, pour TRANSPIADES, de suivre ces m\u00eames sentiers trac\u00e9s par les sangliers.<\/p>\n<cite>V3T<\/cite><\/blockquote>\n\n\n\n<div style=\"height:22px\" aria-hidden=\"true\" class=\"wp-block-spacer\"><\/div>\n\n\n<div class=\"wp-block-image\">\n<figure class=\"aligncenter size-full is-resized\"><a href=\"https:\/\/www.facebook.com\/verdon3terroirs\/\"><img decoding=\"async\" loading=\"lazy\" src=\"https:\/\/transpiades.com\/tp\/wp-content\/uploads\/2023\/04\/Facebook_f_logo_2019.svg_.webp\" alt=\"\" class=\"wp-image-563\" width=\"71\" height=\"71\" srcset=\"https:\/\/transpiades.com\/tp\/wp-content\/uploads\/2023\/04\/Facebook_f_logo_2019.svg_.webp 768w, https:\/\/transpiades.com\/tp\/wp-content\/uploads\/2023\/04\/Facebook_f_logo_2019.svg_-300x300.webp 300w, https:\/\/transpiades.com\/tp\/wp-content\/uploads\/2023\/04\/Facebook_f_logo_2019.svg_-150x150.webp 150w, https:\/\/transpiades.com\/tp\/wp-content\/uploads\/2023\/04\/Facebook_f_logo_2019.svg_-450x450.webp 450w\" sizes=\"(max-width: 71px) 100vw, 71px\" \/><\/a><\/figure><\/div>\n\n\n<div style=\"height:24px\" aria-hidden=\"true\" class=\"wp-block-spacer\"><\/div>\n\n\n<div class=\"cff-wrapper\">\t<div id=\"cff-visual-header-356485757711824\" class=\"cff-visual-header cff-has-name cff-has-about cff-has-cover\">\n\t\t\t\t\t\t<div class=\"cff-header-hero\">\n\t\t\t<img decoding=\"async\" src=\"https:\/\/scontent-lhr6-2.xx.fbcdn.net\/v\/t39.30808-6\/489068104_24053280794272321_1321477809603065570_n.jpg?_nc_cat=100&#038;ccb=1-7&#038;_nc_sid=351699&#038;_nc_ohc=equWN_xu5ZoQ7kNvwG_NLtp&#038;_nc_oc=Adr7rTE5HRghxOHPBc34Bb44XnvJkYF9gtJqnINdbo4rX2GjsiH780DHHPNRxmBkKXM&#038;_nc_zt=23&#038;_nc_ht=scontent-lhr6-2.xx&#038;edm=AJdBtusEAAAA&#038;_nc_gid=wHLDZ73BBhOyYREdgHAKMQ&#038;_nc_tpa=Q5bMBQFJwfk1cdzMB8ny5LBrwoJUoal6b2Ijmu7iPnhA75mn21Gr-inrsU5iWKt8r_i4_zis-Pb3ctg5qg&#038;oh=00_Af1RfhFu8PiEmNCFes7Nt4CmmmYyECSrh7di-i_mZFRYtg&#038;oe=69F65F2C\" alt=\"Couverture pour Trans-piades\" data-cover-url=\"https:\/\/scontent-lhr6-2.xx.fbcdn.net\/v\/t39.30808-6\/489068104_24053280794272321_1321477809603065570_n.jpg?_nc_cat=100&#038;ccb=1-7&#038;_nc_sid=351699&#038;_nc_ohc=equWN_xu5ZoQ7kNvwG_NLtp&#038;_nc_oc=Adr7rTE5HRghxOHPBc34Bb44XnvJkYF9gtJqnINdbo4rX2GjsiH780DHHPNRxmBkKXM&#038;_nc_zt=23&#038;_nc_ht=scontent-lhr6-2.xx&#038;edm=AJdBtusEAAAA&#038;_nc_gid=wHLDZ73BBhOyYREdgHAKMQ&#038;_nc_tpa=Q5bMBQFJwfk1cdzMB8ny5LBrwoJUoal6b2Ijmu7iPnhA75mn21Gr-inrsU5iWKt8r_i4_zis-Pb3ctg5qg&#038;oh=00_Af1RfhFu8PiEmNCFes7Nt4CmmmYyECSrh7di-i_mZFRYtg&#038;oe=69F65F2C\">\n\t\t\t\t\t\t<div class=\"cff-likes-box\">\n\t\t\t\t<div class=\"cff-square-logo\"><svg aria-hidden=\"true\" focusable=\"false\" data-prefix=\"fab\" data-icon=\"facebook-square\" role=\"img\" xmlns=\"http:\/\/www.w3.org\/2000\/svg\" viewBox=\"0 0 448 512\" class=\"svg-inline--fa fa-facebook-square fa-w-14\"><path fill=\"currentColor\" d=\"M400 32H48A48 48 0 0 0 0 80v352a48 48 0 0 0 48 48h137.25V327.69h-63V256h63v-54.64c0-62.15 37-96.48 93.67-96.48 27.14 0 55.52 4.84 55.52 4.84v61h-31.27c-30.81 0-40.42 19.12-40.42 38.73V256h68.78l-11 71.69h-57.78V480H400a48 48 0 0 0 48-48V80a48 48 0 0 0-48-48z\" class=\"\"><\/path><\/svg><\/div>\n\t\t\t\t<div class=\"cff-likes-count\">\n\t\t\t\t\t1,426\t\t\t\t<\/div>\n\t\t\t<\/div>\n\t\t\t\t\t<\/div>\n\t\t\t\t<div class=\"cff-header-inner-wrap\">\n\t\t\t\t\t\t\t<div class=\"cff-header-img\">\n\t\t\t\t\t<a href=\"https:\/\/www.facebook.com\/356485757711824\" target=\"_blank\" rel=\"nofollow noopener\" title=\"Trans-piades\"><img decoding=\"async\" src=\"https:\/\/scontent-lhr6-2.xx.fbcdn.net\/v\/t39.30808-1\/294594582_473413994785832_4437590818649662908_n.jpg?stp=dst-jpg_s160x160_tt6&#038;_nc_cat=100&#038;ccb=1-7&#038;_nc_sid=08baa4&#038;_nc_ohc=RF6oB6H0zPwQ7kNvwH7YcSP&#038;_nc_oc=Adrn8P_mCrG_nbF65_lMpagK0KuzT-JVVHXSRncBMjlIfDaT7-pBhL4rQsZE6kkh7wE&#038;_nc_zt=24&#038;_nc_ht=scontent-lhr6-2.xx&#038;edm=AJdBtusEAAAA&#038;_nc_gid=wHLDZ73BBhOyYREdgHAKMQ&#038;_nc_tpa=Q5bMBQHK-XofOXfHYEQl9PsbC5AsdE-vTnZv0zB-1m1nWo-PnxC4SDzfrdaqDm6f_drQoGiDkvwIU-kQkA&#038;oh=00_Af3HSKfNHBEYm6k4b9nxUGTc8Ad40cMCNCuVwuqMGb2Ysw&#038;oe=69F64B31\" alt=\"Trans-piades\" data-avatar=\"https:\/\/scontent-lhr6-2.xx.fbcdn.net\/v\/t39.30808-1\/294594582_473413994785832_4437590818649662908_n.jpg?stp=dst-jpg_s160x160_tt6&#038;_nc_cat=100&#038;ccb=1-7&#038;_nc_sid=08baa4&#038;_nc_ohc=RF6oB6H0zPwQ7kNvwH7YcSP&#038;_nc_oc=Adrn8P_mCrG_nbF65_lMpagK0KuzT-JVVHXSRncBMjlIfDaT7-pBhL4rQsZE6kkh7wE&#038;_nc_zt=24&#038;_nc_ht=scontent-lhr6-2.xx&#038;edm=AJdBtusEAAAA&#038;_nc_gid=wHLDZ73BBhOyYREdgHAKMQ&#038;_nc_tpa=Q5bMBQHK-XofOXfHYEQl9PsbC5AsdE-vTnZv0zB-1m1nWo-PnxC4SDzfrdaqDm6f_drQoGiDkvwIU-kQkA&#038;oh=00_Af3HSKfNHBEYm6k4b9nxUGTc8Ad40cMCNCuVwuqMGb2Ysw&#038;oe=69F64B31\"><\/a>\n\t\t\t\t<\/div>\n\t\t\t\t\t\t<div class=\"cff-header-text\" >\n\n\t\t\t\t\t\t\t<a href=\"https:\/\/www.facebook.com\/356485757711824\" target=\"_blank\" rel=\"nofollow noopener\" title=\"Trans-piades\" class=\"cff-header-name\"><h3 style=\"font-size:inheritpx;\">Trans-piades<\/h3><\/a>\n\t\t\t\t\t\t\t\t\t\t\t\t\t<p class=\"cff-bio\">Randos VTT et p\u00e9destre du Haut Var &#8211; 13 et 14 juin 2026 https:\/\/transpiades.com\/tp<br>\nInstagram : transpiadesv3t<\/p>\n\t\t\t\t\t\t<\/div>\n\t\t<\/div>\n\t<\/div>\n<div class=\"cff-wrapper-ctn \" ><div id=\"cff\"  class=\"cff cff-list-container  cff-default-styles  cff-mob-cols-1 cff-tab-cols-1\"   style=\"width:100%;\"   data-char=\"400\" ><div class=\"cff-posts-wrap\"><div id=\"cff_356485757711824_1548414233952464\" class=\"cff-item cff-status-post author-trans-piades\"  style=\"border-bottom: 1px solid #ddd;\">\n\t<div class=\"cff-author\">\n\t<div class=\"cff-author-text\">\n\t\t\t\t\t<div class=\"cff-page-name cff-author-date\" >\n\t\t\t\t<a href=\"https:\/\/facebook.com\/356485757711824\" target=\"_blank\" rel=\"nofollow noopener\" >Trans-piades<\/a>\n\t\t\t\t<span class=\"cff-story\">  is feeling happy.<\/span>\n\t\t\t<\/div>\n\t\t\t\n<p class=\"cff-date\" > 2 weeks ago <\/p>\n\t\t\t<\/div>\n\t<div class=\"cff-author-img \" data-avatar=\"https:\/\/scontent-lhr6-2.xx.fbcdn.net\/v\/t39.30808-1\/294594582_473413994785832_4437590818649662908_n.jpg?stp=cp0_dst-jpg_s50x50_tt6&#038;_nc_cat=100&#038;ccb=1-7&#038;_nc_sid=f907e8&#038;_nc_ohc=RF6oB6H0zPwQ7kNvwH7YcSP&#038;_nc_oc=Adrn8P_mCrG_nbF65_lMpagK0KuzT-JVVHXSRncBMjlIfDaT7-pBhL4rQsZE6kkh7wE&#038;_nc_zt=24&#038;_nc_ht=scontent-lhr6-2.xx&#038;edm=AKIiGfEEAAAA&#038;_nc_gid=08rXtJju_25l43n-TdyWpw&#038;_nc_tpa=Q5bMBQHoeaGwItf6M6-eCx8Wmhr_T9iBxQYeNAL8WFotdk8lFG0dcAa_s0VlWPuh7Kajb8X8i6K9v7ppJQ&#038;oh=00_Af1H4CpOltK6690n6DeuulhKsDQyarV-dP3QrC36VjLG3A&#038;oe=69F64B31\">\n\t\t<a href=\"https:\/\/facebook.com\/356485757711824\" target=\"_blank\" rel=\"nofollow noopener\" ><img decoding=\"async\" src=\"https:\/\/scontent-lhr6-2.xx.fbcdn.net\/v\/t39.30808-1\/294594582_473413994785832_4437590818649662908_n.jpg?stp=cp0_dst-jpg_s50x50_tt6&#038;_nc_cat=100&#038;ccb=1-7&#038;_nc_sid=f907e8&#038;_nc_ohc=RF6oB6H0zPwQ7kNvwH7YcSP&#038;_nc_oc=Adrn8P_mCrG_nbF65_lMpagK0KuzT-JVVHXSRncBMjlIfDaT7-pBhL4rQsZE6kkh7wE&#038;_nc_zt=24&#038;_nc_ht=scontent-lhr6-2.xx&#038;edm=AKIiGfEEAAAA&#038;_nc_gid=08rXtJju_25l43n-TdyWpw&#038;_nc_tpa=Q5bMBQHoeaGwItf6M6-eCx8Wmhr_T9iBxQYeNAL8WFotdk8lFG0dcAa_s0VlWPuh7Kajb8X8i6K9v7ppJQ&#038;oh=00_Af1H4CpOltK6690n6DeuulhKsDQyarV-dP3QrC36VjLG3A&#038;oe=69F64B31\" title=\"Trans-piades\" alt=\"Trans-piades\" width=40 height=40 onerror=\"this.style.display='none'\"><\/a>\n\t<\/div>\n<\/div>\n\n<div class=\"cff-post-text\" >\n\t<span class=\"cff-text\" data-color=\"\">\n\t\tBonne nouvelle \u2600\ufe0f, J-15 avant l\u2019ouverture des pr\u00e9-inscriptions pour les Trans-piades 2026!!<img class=\"cff-linebreak\" \/><img class=\"cff-linebreak\" \/>\ud83d\udcc6 Les 13 et 14 juin 2026<img class=\"cff-linebreak\" \/>\ud83d\udccdVinon Sur Verdon( 83)<img class=\"cff-linebreak\" \/>\u26f0\ufe0f Au coeur de la Provence et du Haut Var<img class=\"cff-linebreak\" \/><img class=\"cff-linebreak\" \/>\ud83d\udd34Samedi 13 juin:<img class=\"cff-linebreak\" \/><img class=\"cff-linebreak\" \/>\ud83d\udeb5\ud83c\udffb\u200d\u2640\ufe0fRandonn\u00e9e VTT en fin de journ\u00e9e avec ravito gourmand <img class=\"cff-linebreak\" \/>\ud83c\udfb6\ud83c\udf74Soir\u00e9e barbecue\/concert avec <a href=\"https:\/\/facebook.com\/318880534792545\">Les Fr\u00e8res Siamois &#8211; Duo<\/a> <img class=\"cff-linebreak\" \/><img class=\"cff-linebreak\" \/>\ud83d\udd34Dimanche 14 juin:<img class=\"cff-linebreak\" \/><img class=\"cff-linebreak\" \/>\ud83d\udeb5\ud83c\udffb 6 parcours VTT avec kilom\u00e9trage et d\u00e9nivel\u00e9 vari\u00e9 (10 \u00e0 70 kilom\u00e8tres)<img class=\"cff-linebreak\" \/>\ud83e\udd7e1 randonn\u00e9e p\u00e9destre de 11 kilom\u00e8tres <img class=\"cff-linebreak\" \/>\ud83d\udeb4\ud83c\udffc 2 parcours GRAVEL (45 et 70 kilom\u00e8tres)<img class=\"cff-linebreak\" \/><img class=\"cff-linebreak\" \/>\ud83d\udcbb rendez-vous d\u00e8s le 01\/05 sur notre site internet pour vous pr\u00e9-inscrire et b\u00e9n\u00e9ficier de tarifs avantageux :<img class=\"cff-linebreak\" \/><img class=\"cff-linebreak\" \/><a href=\"https:\/\/transpiades.com\/tp\" rel='nofollow noopener noreferrer'>transpiades.com\/tp<\/a>\t\t\t<\/span>\n\t<span class=\"cff-expand\">&#8230; <a href=\"#\" style=\"color: #\"><span class=\"cff-more\">Voir plus<\/span><span class=\"cff-less\">Voir moins<\/span><\/a><\/span>\n\n<\/div>\n\n\t<div class=\"cff-post-links\">\n\t\t\t\t\t<a class=\"cff-viewpost-facebook\" href=\"https:\/\/facebook.com\/356485757711824\" title=\"View on Facebook\" target=\"_blank\" rel=\"nofollow noopener\" >View on Facebook<\/a>\n\t\t\t\t\t\t\t<div class=\"cff-share-container\">\n\t\t\t\t\t\t\t\t\t<span class=\"cff-dot\" >&middot;<\/span>\n\t\t\t\t\t\t\t\t<a class=\"cff-share-link\" href=\"https:\/\/www.facebook.com\/sharer\/sharer.php?u=https%3A%2F%2Ffacebook.com%2F356485757711824\" title=\"Share\" >Share<\/a>\n\t\t\t\t<p class=\"cff-share-tooltip\">\n\t\t\t\t\t\t\t\t\t\t\t<a href=\"https:\/\/www.facebook.com\/sharer\/sharer.php?u=https%3A%2F%2Ffacebook.com%2F356485757711824\" target=\"_blank\" rel=\"noopener noreferrer\" class=\"cff-facebook-icon\">\n\t\t\t\t\t\t\t<span class=\"fa fab fa-facebook-square\" aria-hidden=\"true\"><\/span>\n\t\t\t\t\t\t\t<span class=\"cff-screenreader\">Partager sur Facebook<\/span>\n\t\t\t\t\t\t<\/a>\n\t\t\t\t\t\t\t\t\t\t\t<a href=\"https:\/\/twitter.com\/intent\/tweet?text=https%3A%2F%2Ffacebook.com%2F356485757711824\" target=\"_blank\" rel=\"noopener noreferrer\" class=\"cff-twitter-icon\">\n\t\t\t\t\t\t\t<span class=\"fa fab fa-twitter\" aria-hidden=\"true\"><\/span>\n\t\t\t\t\t\t\t<span class=\"cff-screenreader\">Partager sur Twitter<\/span>\n\t\t\t\t\t\t<\/a>\n\t\t\t\t\t\t\t\t\t\t\t<a href=\"https:\/\/www.linkedin.com\/shareArticle?mini=true&#038;url=https%3A%2F%2Ffacebook.com%2F356485757711824&#038;title=%09%09%09Bonne%20nouvelle%20%E2%98%80%EF%B8%8F%2C%20J-15%20avant%20l%E2%80%99ouverture%20des%20pr%C3%A9-inscriptions%20pour%20les%20Trans-piades%202026%21%21%F0%9F%93%86%20Les%2013%20et%2014%20juin%202026%F0%9F%93%8DVinon%20Sur%20Verdon%28%2083%29%E2%9B%B0%EF%B8%8F%20Au%20coeur%20de%20la%20Provence%20et%20du%20Haut%20Var%F0%9F%94%B4Samedi%2013%20juin%3A%F0%9F%9A%B5%F0%9F%8F%BB%E2%80%8D%E2%99%80%EF%B8%8FRandonn%C3%A9e%20VTT%20en%20fin%20de%20journ%C3%A9e%20avec%20ravito%20gourmand%20%F0%9F%8E%B6%F0%9F%8D%B4Soir%C3%A9e%20barbecue%2Fconcert%20avec%20Les%20Fr%C3%A8res%20Siamois%20-%20Duo%20%F0%9F%94%B4Dimanche%2014%20juin%3A%F0%9F%9A%B5%F0%9F%8F%BB%206%20parcours%20VTT%20avec%20kilom%C3%A9trage%20et%20d%C3%A9nivel%C3%A9%20vari%C3%A9%20%2810%20%C3%A0%2070%20kilom%C3%A8tres%29%F0%9F%A5%BE1%20randonn%C3%A9e%20p%C3%A9destre%20de%2011%20kilom%C3%A8tres%20%F0%9F%9A%B4%F0%9F%8F%BC%202%20parcours%20GRAVEL%20%2845%20et%2070%20kilom%C3%A8tres%29%F0%9F%92%BB%20rendez-vous%20d%C3%A8s%20le%2001%2F05%20sur%20notre%20site%20internet%20pour%20vous%20pr%C3%A9-inscrire%20et%20b%C3%A9n%C3%A9ficier%20de%20tarifs%20avantageux%20%3Atranspiades.com%2Ftp%09%09%09%09\" target=\"_blank\" rel=\"noopener noreferrer\" class=\"cff-linkedin-icon\">\n\t\t\t\t\t\t\t<span class=\"fa fab fa-linkedin\" aria-hidden=\"true\"><\/span>\n\t\t\t\t\t\t\t<span class=\"cff-screenreader\">Partager sur LinkedIn<\/span>\n\t\t\t\t\t\t<\/a>\n\t\t\t\t\t\t\t\t\t\t\t<a href=\"mailto:?subject=Facebook&#038;body=https%3A%2F%2Ffacebook.com%2F356485757711824%20-%20%0A%0A%09%0A%09%09Bonne%20nouvelle%20%E2%98%80%EF%B8%8F%2C%20J-15%20avant%20l%E2%80%99ouverture%20des%20pr%C3%A9-inscriptions%20pour%20les%20Trans-piades%202026%21%21%F0%9F%93%86%20Les%2013%20et%2014%20juin%202026%F0%9F%93%8DVinon%20Sur%20Verdon%28%2083%29%E2%9B%B0%EF%B8%8F%20Au%20coeur%20de%20la%20Provence%20et%20du%20Haut%20Var%F0%9F%94%B4Samedi%2013%20juin%3A%F0%9F%9A%B5%F0%9F%8F%BB%E2%80%8D%E2%99%80%EF%B8%8FRandonn%C3%A9e%20VTT%20en%20fin%20de%20journ%C3%A9e%20avec%20ravito%20gourmand%20%F0%9F%8E%B6%F0%9F%8D%B4Soir%C3%A9e%20barbecue%2Fconcert%20avec%20Les%20Fr%C3%A8res%20Siamois%20-%20Duo%20%F0%9F%94%B4Dimanche%2014%20juin%3A%F0%9F%9A%B5%F0%9F%8F%BB%206%20parcours%20VTT%20avec%20kilom%C3%A9trage%20et%20d%C3%A9nivel%C3%A9%20vari%C3%A9%20%2810%20%C3%A0%2070%20kilom%C3%A8tres%29%F0%9F%A5%BE1%20randonn%C3%A9e%20p%C3%A9destre%20de%2011%20kilom%C3%A8tres%20%F0%9F%9A%B4%F0%9F%8F%BC%202%20parcours%20GRAVEL%20%2845%20et%2070%20kilom%C3%A8tres%29%F0%9F%92%BB%20rendez-vous%20d%C3%A8s%20le%2001%2F05%20sur%20notre%20site%20internet%20pour%20vous%20pr%C3%A9-inscrire%20et%20b%C3%A9n%C3%A9ficier%20de%20tarifs%20avantageux%20%3Atranspiades.com%2Ftp%09%09%09%0A%09\" target=\"_blank\" rel=\"noopener noreferrer\" class=\"cff-email-icon\">\n\t\t\t\t\t\t\t<span class=\"fa fab fa-envelope\" aria-hidden=\"true\"><\/span>\n\t\t\t\t\t\t\t<span class=\"cff-screenreader\">Partager par email<\/span>\n\t\t\t\t\t\t<\/a>\n\t\t\t\t\t\t\t\t\t<\/p>\n\t\t\t<\/div>\n\t\t\t<\/div>\n\t<\/div>\n\n\n\n<div id=\"cff_356485757711824_1535068005287087\" class=\"cff-item cff-photo-post author-trans-piades\"  style=\"border-bottom: 1px solid #ddd;\">\n\t<div class=\"cff-author\">\n\t<div class=\"cff-author-text\">\n\t\t\t\t\t<div class=\"cff-page-name cff-author-date\" >\n\t\t\t\t<a href=\"https:\/\/facebook.com\/356485757711824\" target=\"_blank\" rel=\"nofollow noopener\" >Trans-piades<\/a>\n\t\t\t\t<span class=\"cff-story\"> <\/span>\n\t\t\t<\/div>\n\t\t\t\n<p class=\"cff-date\" > 4 weeks ago <\/p>\n\t\t\t<\/div>\n\t<div class=\"cff-author-img \" data-avatar=\"https:\/\/scontent-lhr6-2.xx.fbcdn.net\/v\/t39.30808-1\/294594582_473413994785832_4437590818649662908_n.jpg?stp=cp0_dst-jpg_s50x50_tt6&#038;_nc_cat=100&#038;ccb=1-7&#038;_nc_sid=f907e8&#038;_nc_ohc=RF6oB6H0zPwQ7kNvwH7YcSP&#038;_nc_oc=Adrn8P_mCrG_nbF65_lMpagK0KuzT-JVVHXSRncBMjlIfDaT7-pBhL4rQsZE6kkh7wE&#038;_nc_zt=24&#038;_nc_ht=scontent-lhr6-2.xx&#038;edm=AKIiGfEEAAAA&#038;_nc_gid=08rXtJju_25l43n-TdyWpw&#038;_nc_tpa=Q5bMBQHoeaGwItf6M6-eCx8Wmhr_T9iBxQYeNAL8WFotdk8lFG0dcAa_s0VlWPuh7Kajb8X8i6K9v7ppJQ&#038;oh=00_Af1H4CpOltK6690n6DeuulhKsDQyarV-dP3QrC36VjLG3A&#038;oe=69F64B31\">\n\t\t<a href=\"https:\/\/facebook.com\/356485757711824\" target=\"_blank\" rel=\"nofollow noopener\" ><img decoding=\"async\" src=\"https:\/\/scontent-lhr6-2.xx.fbcdn.net\/v\/t39.30808-1\/294594582_473413994785832_4437590818649662908_n.jpg?stp=cp0_dst-jpg_s50x50_tt6&#038;_nc_cat=100&#038;ccb=1-7&#038;_nc_sid=f907e8&#038;_nc_ohc=RF6oB6H0zPwQ7kNvwH7YcSP&#038;_nc_oc=Adrn8P_mCrG_nbF65_lMpagK0KuzT-JVVHXSRncBMjlIfDaT7-pBhL4rQsZE6kkh7wE&#038;_nc_zt=24&#038;_nc_ht=scontent-lhr6-2.xx&#038;edm=AKIiGfEEAAAA&#038;_nc_gid=08rXtJju_25l43n-TdyWpw&#038;_nc_tpa=Q5bMBQHoeaGwItf6M6-eCx8Wmhr_T9iBxQYeNAL8WFotdk8lFG0dcAa_s0VlWPuh7Kajb8X8i6K9v7ppJQ&#038;oh=00_Af1H4CpOltK6690n6DeuulhKsDQyarV-dP3QrC36VjLG3A&#038;oe=69F64B31\" title=\"Trans-piades\" alt=\"Trans-piades\" width=40 height=40 onerror=\"this.style.display='none'\"><\/a>\n\t<\/div>\n<\/div>\n\n<div class=\"cff-post-text\" >\n\t<span class=\"cff-text\" data-color=\"\">\n\t\t\ud83d\udce2Pour l&#039;\u00e9dition 2026 des Transpiades, qui aura lieu on le rappelle les 13 et 14 juin, l&#039;association Verdon 3 Terroirs change de logo ! Vous en pensez quoi ?\t\t\t<\/span>\n\t<span class=\"cff-expand\">&#8230; <a href=\"#\" style=\"color: #\"><span class=\"cff-more\">Voir plus<\/span><span class=\"cff-less\">Voir moins<\/span><\/a><\/span>\n\n<\/div>\n\n<p class=\"cff-media-link\">\n\t<a href=\"https:\/\/www.facebook.com\/photo.php?fbid=1535067651953789&#038;set=a.473413974785834&#038;type=3\" target=\"_blank\" style=\"color: #\">\n\t\t<span style=\"padding-right: 5px;\" class=\"fa fas fa-picture-o fa-image\"><\/span>Photo\t<\/a>\n<\/p>\n\t\t<div class=\"cff-post-links\">\n\t\t\t\t\t<a class=\"cff-viewpost-facebook\" href=\"https:\/\/www.facebook.com\/photo.php?fbid=1535067651953789&#038;set=a.473413974785834&#038;type=3\" title=\"View on Facebook\" target=\"_blank\" rel=\"nofollow noopener\" >View on Facebook<\/a>\n\t\t\t\t\t\t\t<div class=\"cff-share-container\">\n\t\t\t\t\t\t\t\t\t<span class=\"cff-dot\" >&middot;<\/span>\n\t\t\t\t\t\t\t\t<a class=\"cff-share-link\" href=\"https:\/\/www.facebook.com\/sharer\/sharer.php?u=https%3A%2F%2Fwww.facebook.com%2Fphoto.php%3Ffbid%3D1535067651953789%26amp%3Bset%3Da.473413974785834%26amp%3Btype%3D3\" title=\"Share\" >Share<\/a>\n\t\t\t\t<p class=\"cff-share-tooltip\">\n\t\t\t\t\t\t\t\t\t\t\t<a href=\"https:\/\/www.facebook.com\/sharer\/sharer.php?u=https%3A%2F%2Fwww.facebook.com%2Fphoto.php%3Ffbid%3D1535067651953789%26amp%3Bset%3Da.473413974785834%26amp%3Btype%3D3\" target=\"_blank\" rel=\"noopener noreferrer\" class=\"cff-facebook-icon\">\n\t\t\t\t\t\t\t<span class=\"fa fab fa-facebook-square\" aria-hidden=\"true\"><\/span>\n\t\t\t\t\t\t\t<span class=\"cff-screenreader\">Partager sur Facebook<\/span>\n\t\t\t\t\t\t<\/a>\n\t\t\t\t\t\t\t\t\t\t\t<a href=\"https:\/\/twitter.com\/intent\/tweet?text=https%3A%2F%2Fwww.facebook.com%2Fphoto.php%3Ffbid%3D1535067651953789%26amp%3Bset%3Da.473413974785834%26amp%3Btype%3D3\" target=\"_blank\" rel=\"noopener noreferrer\" class=\"cff-twitter-icon\">\n\t\t\t\t\t\t\t<span class=\"fa fab fa-twitter\" aria-hidden=\"true\"><\/span>\n\t\t\t\t\t\t\t<span class=\"cff-screenreader\">Partager sur Twitter<\/span>\n\t\t\t\t\t\t<\/a>\n\t\t\t\t\t\t\t\t\t\t\t<a href=\"https:\/\/www.linkedin.com\/shareArticle?mini=true&#038;url=https%3A%2F%2Fwww.facebook.com%2Fphoto.php%3Ffbid%3D1535067651953789%26amp%3Bset%3Da.473413974785834%26amp%3Btype%3D3&#038;title=%09%09%09%F0%9F%93%A2Pour%20l%26%23039%3B%C3%A9dition%202026%20des%20Transpiades%2C%20qui%20aura%20lieu%20on%20le%20rappelle%20les%2013%20et%2014%20juin%2C%20l%26%23039%3Bassociation%20Verdon%203%20Terroirs%20change%20de%20logo%20%21%20Vous%20en%20pensez%20quoi%20%3F%09%09%09%09\" target=\"_blank\" rel=\"noopener noreferrer\" class=\"cff-linkedin-icon\">\n\t\t\t\t\t\t\t<span class=\"fa fab fa-linkedin\" aria-hidden=\"true\"><\/span>\n\t\t\t\t\t\t\t<span class=\"cff-screenreader\">Partager sur LinkedIn<\/span>\n\t\t\t\t\t\t<\/a>\n\t\t\t\t\t\t\t\t\t\t\t<a href=\"mailto:?subject=Facebook&#038;body=https%3A%2F%2Fwww.facebook.com%2Fphoto.php%3Ffbid%3D1535067651953789%26amp%3Bset%3Da.473413974785834%26amp%3Btype%3D3%20-%20%0A%0A%09%0A%09%09%F0%9F%93%A2Pour%20l%26%23039%3B%C3%A9dition%202026%20des%20Transpiades%2C%20qui%20aura%20lieu%20on%20le%20rappelle%20les%2013%20et%2014%20juin%2C%20l%26%23039%3Bassociation%20Verdon%203%20Terroirs%20change%20de%20logo%20%21%20Vous%20en%20pensez%20quoi%20%3F%09%09%09%0A%09\" target=\"_blank\" rel=\"noopener noreferrer\" class=\"cff-email-icon\">\n\t\t\t\t\t\t\t<span class=\"fa fab fa-envelope\" aria-hidden=\"true\"><\/span>\n\t\t\t\t\t\t\t<span class=\"cff-screenreader\">Partager par email<\/span>\n\t\t\t\t\t\t<\/a>\n\t\t\t\t\t\t\t\t\t<\/p>\n\t\t\t<\/div>\n\t\t\t<\/div>\n\t<\/div>\n\n\n\n<div id=\"cff_356485757711824_1487271006733454\" class=\"cff-item cff-link-item author-trans-piades\"  style=\"border-bottom: 1px solid #ddd;\">\n\t<div class=\"cff-author\">\n\t<div class=\"cff-author-text\">\n\t\t\t\t\t<div class=\"cff-page-name cff-author-date\" >\n\t\t\t\t<a href=\"https:\/\/facebook.com\/356485757711824\" target=\"_blank\" rel=\"nofollow noopener\" >Trans-piades<\/a>\n\t\t\t\t<span class=\"cff-story\"> <\/span>\n\t\t\t<\/div>\n\t\t\t\n<p class=\"cff-date\" > 3 months ago <\/p>\n\t\t\t<\/div>\n\t<div class=\"cff-author-img \" data-avatar=\"https:\/\/scontent-lhr6-2.xx.fbcdn.net\/v\/t39.30808-1\/294594582_473413994785832_4437590818649662908_n.jpg?stp=cp0_dst-jpg_s50x50_tt6&#038;_nc_cat=100&#038;ccb=1-7&#038;_nc_sid=f907e8&#038;_nc_ohc=RF6oB6H0zPwQ7kNvwH7YcSP&#038;_nc_oc=Adrn8P_mCrG_nbF65_lMpagK0KuzT-JVVHXSRncBMjlIfDaT7-pBhL4rQsZE6kkh7wE&#038;_nc_zt=24&#038;_nc_ht=scontent-lhr6-2.xx&#038;edm=AKIiGfEEAAAA&#038;_nc_gid=08rXtJju_25l43n-TdyWpw&#038;_nc_tpa=Q5bMBQHoeaGwItf6M6-eCx8Wmhr_T9iBxQYeNAL8WFotdk8lFG0dcAa_s0VlWPuh7Kajb8X8i6K9v7ppJQ&#038;oh=00_Af1H4CpOltK6690n6DeuulhKsDQyarV-dP3QrC36VjLG3A&#038;oe=69F64B31\">\n\t\t<a href=\"https:\/\/facebook.com\/356485757711824\" target=\"_blank\" rel=\"nofollow noopener\" ><img decoding=\"async\" src=\"https:\/\/scontent-lhr6-2.xx.fbcdn.net\/v\/t39.30808-1\/294594582_473413994785832_4437590818649662908_n.jpg?stp=cp0_dst-jpg_s50x50_tt6&#038;_nc_cat=100&#038;ccb=1-7&#038;_nc_sid=f907e8&#038;_nc_ohc=RF6oB6H0zPwQ7kNvwH7YcSP&#038;_nc_oc=Adrn8P_mCrG_nbF65_lMpagK0KuzT-JVVHXSRncBMjlIfDaT7-pBhL4rQsZE6kkh7wE&#038;_nc_zt=24&#038;_nc_ht=scontent-lhr6-2.xx&#038;edm=AKIiGfEEAAAA&#038;_nc_gid=08rXtJju_25l43n-TdyWpw&#038;_nc_tpa=Q5bMBQHoeaGwItf6M6-eCx8Wmhr_T9iBxQYeNAL8WFotdk8lFG0dcAa_s0VlWPuh7Kajb8X8i6K9v7ppJQ&#038;oh=00_Af1H4CpOltK6690n6DeuulhKsDQyarV-dP3QrC36VjLG3A&#038;oe=69F64B31\" title=\"Trans-piades\" alt=\"Trans-piades\" width=40 height=40 onerror=\"this.style.display='none'\"><\/a>\n\t<\/div>\n<\/div>\n\n<div class=\"cff-post-text\" >\n\t<span class=\"cff-text\" data-color=\"\">\n\t\tMerci \u00e0 <a href=\"https:\/\/facebook.com\/1851816955073031\">Destination Pays de Manosque<\/a> de parler de la prochaine \u00e9dition des  <a href=\"https:\/\/facebook.com\/356485757711824\">Trans-piades<\/a>! <img class=\"cff-linebreak\" \/><img class=\"cff-linebreak\" \/>Rendez vous les 13 et 14 juin! \ud83d\udeb4\ud83c\udffb\u200d\u2640\ufe0f\ud83d\udeb4\ud83c\udffc\ud83e\udd7e\t\t\t<\/span>\n\t<span class=\"cff-expand\">&#8230; <a href=\"#\" style=\"color: #\"><span class=\"cff-more\">Voir plus<\/span><span class=\"cff-less\">Voir moins<\/span><\/a><\/span>\n\n<\/div>\n\n\n<div class=\"cff-shared-link \" >\n\t<div class=\"cff-text-link cff-no-image\">\n\t\t\t\t\t<p class=\"cff-link-title\" >\n\t\t\t\t<a href=\"https:\/\/facebook.com\/356485757711824\" target=\"_blank\"  rel=\"nofollow noopener noreferrer\" style=\"color:#;\">This content isn&rsquo;t available right now<\/a>\n\t\t\t<\/p>\n\t\t\n\t\t\n\t\t\t\t\t<span class=\"cff-post-desc\" >When this happens, it&#039;s usually because the owner only shared it with a small group of people, changed who can see it or it&#039;s been deleted.<\/span>\n\t\t\t\t\n\t<\/div>\n<\/div>\n\n\t<div class=\"cff-post-links\">\n\t\t\t\t\t<a class=\"cff-viewpost-facebook\" href=\"https:\/\/www.facebook.com\/356485757711824\/posts\/1487271006733454\" title=\"View on Facebook\" target=\"_blank\" rel=\"nofollow noopener\" >View on Facebook<\/a>\n\t\t\t\t\t\t\t<div class=\"cff-share-container\">\n\t\t\t\t\t\t\t\t\t<span class=\"cff-dot\" >&middot;<\/span>\n\t\t\t\t\t\t\t\t<a class=\"cff-share-link\" href=\"https:\/\/www.facebook.com\/sharer\/sharer.php?u=https%3A%2F%2Fwww.facebook.com%2F356485757711824%2Fposts%2F1487271006733454\" title=\"Share\" >Share<\/a>\n\t\t\t\t<p class=\"cff-share-tooltip\">\n\t\t\t\t\t\t\t\t\t\t\t<a href=\"https:\/\/www.facebook.com\/sharer\/sharer.php?u=https%3A%2F%2Fwww.facebook.com%2F356485757711824%2Fposts%2F1487271006733454\" target=\"_blank\" rel=\"noopener noreferrer\" class=\"cff-facebook-icon\">\n\t\t\t\t\t\t\t<span class=\"fa fab fa-facebook-square\" aria-hidden=\"true\"><\/span>\n\t\t\t\t\t\t\t<span class=\"cff-screenreader\">Partager sur Facebook<\/span>\n\t\t\t\t\t\t<\/a>\n\t\t\t\t\t\t\t\t\t\t\t<a href=\"https:\/\/twitter.com\/intent\/tweet?text=https%3A%2F%2Fwww.facebook.com%2F356485757711824%2Fposts%2F1487271006733454\" target=\"_blank\" rel=\"noopener noreferrer\" class=\"cff-twitter-icon\">\n\t\t\t\t\t\t\t<span class=\"fa fab fa-twitter\" aria-hidden=\"true\"><\/span>\n\t\t\t\t\t\t\t<span class=\"cff-screenreader\">Partager sur Twitter<\/span>\n\t\t\t\t\t\t<\/a>\n\t\t\t\t\t\t\t\t\t\t\t<a href=\"https:\/\/www.linkedin.com\/shareArticle?mini=true&#038;url=https%3A%2F%2Fwww.facebook.com%2F356485757711824%2Fposts%2F1487271006733454&#038;title=%09%09%09Merci%20%C3%A0%20Destination%20Pays%20de%20Manosque%20de%20parler%20de%20la%20prochaine%20%C3%A9dition%20des%20%20Trans-piades%21%20Rendez%20vous%20les%2013%20et%2014%20juin%21%20%F0%9F%9A%B4%F0%9F%8F%BB%E2%80%8D%E2%99%80%EF%B8%8F%F0%9F%9A%B4%F0%9F%8F%BC%F0%9F%A5%BE%09%09%09%09\" target=\"_blank\" rel=\"noopener noreferrer\" class=\"cff-linkedin-icon\">\n\t\t\t\t\t\t\t<span class=\"fa fab fa-linkedin\" aria-hidden=\"true\"><\/span>\n\t\t\t\t\t\t\t<span class=\"cff-screenreader\">Partager sur LinkedIn<\/span>\n\t\t\t\t\t\t<\/a>\n\t\t\t\t\t\t\t\t\t\t\t<a href=\"mailto:?subject=Facebook&#038;body=https%3A%2F%2Fwww.facebook.com%2F356485757711824%2Fposts%2F1487271006733454%20-%20%0A%0A%09%0A%09%09Merci%20%C3%A0%20Destination%20Pays%20de%20Manosque%20de%20parler%20de%20la%20prochaine%20%C3%A9dition%20des%20%20Trans-piades%21%20Rendez%20vous%20les%2013%20et%2014%20juin%21%20%F0%9F%9A%B4%F0%9F%8F%BB%E2%80%8D%E2%99%80%EF%B8%8F%F0%9F%9A%B4%F0%9F%8F%BC%F0%9F%A5%BE%09%09%09%0A%09\" target=\"_blank\" rel=\"noopener noreferrer\" class=\"cff-email-icon\">\n\t\t\t\t\t\t\t<span class=\"fa fab fa-envelope\" aria-hidden=\"true\"><\/span>\n\t\t\t\t\t\t\t<span class=\"cff-screenreader\">Partager par email<\/span>\n\t\t\t\t\t\t<\/a>\n\t\t\t\t\t\t\t\t\t<\/p>\n\t\t\t<\/div>\n\t\t\t<\/div>\n\t<\/div>\n\n\n\n<div id=\"cff_356485757711824_1455237656603456\" class=\"cff-item cff-photo-post author-trans-piades\"  style=\"border-bottom: 1px solid #ddd;\">\n\t<div class=\"cff-author\">\n\t<div class=\"cff-author-text\">\n\t\t\t\t\t<div class=\"cff-page-name cff-author-date\" >\n\t\t\t\t<a href=\"https:\/\/facebook.com\/356485757711824\" target=\"_blank\" rel=\"nofollow noopener\" >Trans-piades<\/a>\n\t\t\t\t<span class=\"cff-story\"> <\/span>\n\t\t\t<\/div>\n\t\t\t\n<p class=\"cff-date\" > 4 months ago <\/p>\n\t\t\t<\/div>\n\t<div class=\"cff-author-img \" data-avatar=\"https:\/\/scontent-lhr6-2.xx.fbcdn.net\/v\/t39.30808-1\/294594582_473413994785832_4437590818649662908_n.jpg?stp=cp0_dst-jpg_s50x50_tt6&#038;_nc_cat=100&#038;ccb=1-7&#038;_nc_sid=f907e8&#038;_nc_ohc=RF6oB6H0zPwQ7kNvwH7YcSP&#038;_nc_oc=Adrn8P_mCrG_nbF65_lMpagK0KuzT-JVVHXSRncBMjlIfDaT7-pBhL4rQsZE6kkh7wE&#038;_nc_zt=24&#038;_nc_ht=scontent-lhr6-2.xx&#038;edm=AKIiGfEEAAAA&#038;_nc_gid=08rXtJju_25l43n-TdyWpw&#038;_nc_tpa=Q5bMBQHoeaGwItf6M6-eCx8Wmhr_T9iBxQYeNAL8WFotdk8lFG0dcAa_s0VlWPuh7Kajb8X8i6K9v7ppJQ&#038;oh=00_Af1H4CpOltK6690n6DeuulhKsDQyarV-dP3QrC36VjLG3A&#038;oe=69F64B31\">\n\t\t<a href=\"https:\/\/facebook.com\/356485757711824\" target=\"_blank\" rel=\"nofollow noopener\" ><img decoding=\"async\" src=\"https:\/\/scontent-lhr6-2.xx.fbcdn.net\/v\/t39.30808-1\/294594582_473413994785832_4437590818649662908_n.jpg?stp=cp0_dst-jpg_s50x50_tt6&#038;_nc_cat=100&#038;ccb=1-7&#038;_nc_sid=f907e8&#038;_nc_ohc=RF6oB6H0zPwQ7kNvwH7YcSP&#038;_nc_oc=Adrn8P_mCrG_nbF65_lMpagK0KuzT-JVVHXSRncBMjlIfDaT7-pBhL4rQsZE6kkh7wE&#038;_nc_zt=24&#038;_nc_ht=scontent-lhr6-2.xx&#038;edm=AKIiGfEEAAAA&#038;_nc_gid=08rXtJju_25l43n-TdyWpw&#038;_nc_tpa=Q5bMBQHoeaGwItf6M6-eCx8Wmhr_T9iBxQYeNAL8WFotdk8lFG0dcAa_s0VlWPuh7Kajb8X8i6K9v7ppJQ&#038;oh=00_Af1H4CpOltK6690n6DeuulhKsDQyarV-dP3QrC36VjLG3A&#038;oe=69F64B31\" title=\"Trans-piades\" alt=\"Trans-piades\" width=40 height=40 onerror=\"this.style.display='none'\"><\/a>\n\t<\/div>\n<\/div>\n\n<div class=\"cff-post-text\" >\n\t<span class=\"cff-text\" data-color=\"\">\n\t\tToute l\u2019\u00e9quipe de V3T vous souhaite une excellente ann\u00e9e 2026\ud83c\udf89 \ud83c\udf8a! <img class=\"cff-linebreak\" \/><img class=\"cff-linebreak\" \/>\ud83d\uddd3\ufe0f Nous vous donnons rendez-vous pour la prochaine \u00e9dition des Transpiades les 13 et 14 juin 2026 au d\u00e9part de Vinon-Sur-Verdon \ud83d\udeb5\ud83c\udffb\u200d\u2642\ufe0f\ud83d\udeb5\ud83c\udffb\u200d\u2640\ufe0f\ud83e\udd7e!\t\t\t<\/span>\n\t<span class=\"cff-expand\">&#8230; <a href=\"#\" style=\"color: #\"><span class=\"cff-more\">Voir plus<\/span><span class=\"cff-less\">Voir moins<\/span><\/a><\/span>\n\n<\/div>\n\n<p class=\"cff-media-link\">\n\t<a href=\"https:\/\/www.facebook.com\/photo.php?fbid=1455237213270167&#038;set=a.473413978119167&#038;type=3\" target=\"_blank\" style=\"color: #\">\n\t\t<span style=\"padding-right: 5px;\" class=\"fa fas fa-picture-o fa-image\"><\/span>Photo\t<\/a>\n<\/p>\n\t\t<div class=\"cff-post-links\">\n\t\t\t\t\t<a class=\"cff-viewpost-facebook\" href=\"https:\/\/www.facebook.com\/photo.php?fbid=1455237213270167&#038;set=a.473413978119167&#038;type=3\" title=\"View on Facebook\" target=\"_blank\" rel=\"nofollow noopener\" >View on Facebook<\/a>\n\t\t\t\t\t\t\t<div class=\"cff-share-container\">\n\t\t\t\t\t\t\t\t\t<span class=\"cff-dot\" >&middot;<\/span>\n\t\t\t\t\t\t\t\t<a class=\"cff-share-link\" href=\"https:\/\/www.facebook.com\/sharer\/sharer.php?u=https%3A%2F%2Fwww.facebook.com%2Fphoto.php%3Ffbid%3D1455237213270167%26amp%3Bset%3Da.473413978119167%26amp%3Btype%3D3\" title=\"Share\" >Share<\/a>\n\t\t\t\t<p class=\"cff-share-tooltip\">\n\t\t\t\t\t\t\t\t\t\t\t<a href=\"https:\/\/www.facebook.com\/sharer\/sharer.php?u=https%3A%2F%2Fwww.facebook.com%2Fphoto.php%3Ffbid%3D1455237213270167%26amp%3Bset%3Da.473413978119167%26amp%3Btype%3D3\" target=\"_blank\" rel=\"noopener noreferrer\" class=\"cff-facebook-icon\">\n\t\t\t\t\t\t\t<span class=\"fa fab fa-facebook-square\" aria-hidden=\"true\"><\/span>\n\t\t\t\t\t\t\t<span class=\"cff-screenreader\">Partager sur Facebook<\/span>\n\t\t\t\t\t\t<\/a>\n\t\t\t\t\t\t\t\t\t\t\t<a href=\"https:\/\/twitter.com\/intent\/tweet?text=https%3A%2F%2Fwww.facebook.com%2Fphoto.php%3Ffbid%3D1455237213270167%26amp%3Bset%3Da.473413978119167%26amp%3Btype%3D3\" target=\"_blank\" rel=\"noopener noreferrer\" class=\"cff-twitter-icon\">\n\t\t\t\t\t\t\t<span class=\"fa fab fa-twitter\" aria-hidden=\"true\"><\/span>\n\t\t\t\t\t\t\t<span class=\"cff-screenreader\">Partager sur Twitter<\/span>\n\t\t\t\t\t\t<\/a>\n\t\t\t\t\t\t\t\t\t\t\t<a href=\"https:\/\/www.linkedin.com\/shareArticle?mini=true&#038;url=https%3A%2F%2Fwww.facebook.com%2Fphoto.php%3Ffbid%3D1455237213270167%26amp%3Bset%3Da.473413978119167%26amp%3Btype%3D3&#038;title=%09%09%09Toute%20l%E2%80%99%C3%A9quipe%20de%20V3T%20vous%20souhaite%20une%20excellente%20ann%C3%A9e%202026%F0%9F%8E%89%20%F0%9F%8E%8A%21%20%F0%9F%97%93%EF%B8%8F%20Nous%20vous%20donnons%20rendez-vous%20pour%20la%20prochaine%20%C3%A9dition%20des%20Transpiades%20les%2013%20et%2014%20juin%202026%20au%20d%C3%A9part%20de%20Vinon-Sur-Verdon%20%F0%9F%9A%B5%F0%9F%8F%BB%E2%80%8D%E2%99%82%EF%B8%8F%F0%9F%9A%B5%F0%9F%8F%BB%E2%80%8D%E2%99%80%EF%B8%8F%F0%9F%A5%BE%21%09%09%09%09\" target=\"_blank\" rel=\"noopener noreferrer\" class=\"cff-linkedin-icon\">\n\t\t\t\t\t\t\t<span class=\"fa fab fa-linkedin\" aria-hidden=\"true\"><\/span>\n\t\t\t\t\t\t\t<span class=\"cff-screenreader\">Partager sur LinkedIn<\/span>\n\t\t\t\t\t\t<\/a>\n\t\t\t\t\t\t\t\t\t\t\t<a href=\"mailto:?subject=Facebook&#038;body=https%3A%2F%2Fwww.facebook.com%2Fphoto.php%3Ffbid%3D1455237213270167%26amp%3Bset%3Da.473413978119167%26amp%3Btype%3D3%20-%20%0A%0A%09%0A%09%09Toute%20l%E2%80%99%C3%A9quipe%20de%20V3T%20vous%20souhaite%20une%20excellente%20ann%C3%A9e%202026%F0%9F%8E%89%20%F0%9F%8E%8A%21%20%F0%9F%97%93%EF%B8%8F%20Nous%20vous%20donnons%20rendez-vous%20pour%20la%20prochaine%20%C3%A9dition%20des%20Transpiades%20les%2013%20et%2014%20juin%202026%20au%20d%C3%A9part%20de%20Vinon-Sur-Verdon%20%F0%9F%9A%B5%F0%9F%8F%BB%E2%80%8D%E2%99%82%EF%B8%8F%F0%9F%9A%B5%F0%9F%8F%BB%E2%80%8D%E2%99%80%EF%B8%8F%F0%9F%A5%BE%21%09%09%09%0A%09\" target=\"_blank\" rel=\"noopener noreferrer\" class=\"cff-email-icon\">\n\t\t\t\t\t\t\t<span class=\"fa fab fa-envelope\" aria-hidden=\"true\"><\/span>\n\t\t\t\t\t\t\t<span class=\"cff-screenreader\">Partager par email<\/span>\n\t\t\t\t\t\t<\/a>\n\t\t\t\t\t\t\t\t\t<\/p>\n\t\t\t<\/div>\n\t\t\t<\/div>\n\t<\/div>\n\n\n\n<div id=\"cff_356485757711824_1424372776356611\" class=\"cff-item cff-link-item author-trans-piades\"  style=\"border-bottom: 1px solid #ddd;\">\n\t<div class=\"cff-author\">\n\t<div class=\"cff-author-text\">\n\t\t\t\t\t<div class=\"cff-page-name cff-author-date\" >\n\t\t\t\t<a href=\"https:\/\/facebook.com\/356485757711824\" target=\"_blank\" rel=\"nofollow noopener\" >Trans-piades<\/a>\n\t\t\t\t<span class=\"cff-story\"> <\/span>\n\t\t\t<\/div>\n\t\t\t\n<p class=\"cff-date\" > 5 months ago <\/p>\n\t\t\t<\/div>\n\t<div class=\"cff-author-img \" data-avatar=\"https:\/\/scontent-lhr6-2.xx.fbcdn.net\/v\/t39.30808-1\/294594582_473413994785832_4437590818649662908_n.jpg?stp=cp0_dst-jpg_s50x50_tt6&#038;_nc_cat=100&#038;ccb=1-7&#038;_nc_sid=f907e8&#038;_nc_ohc=RF6oB6H0zPwQ7kNvwH7YcSP&#038;_nc_oc=Adrn8P_mCrG_nbF65_lMpagK0KuzT-JVVHXSRncBMjlIfDaT7-pBhL4rQsZE6kkh7wE&#038;_nc_zt=24&#038;_nc_ht=scontent-lhr6-2.xx&#038;edm=AKIiGfEEAAAA&#038;_nc_gid=08rXtJju_25l43n-TdyWpw&#038;_nc_tpa=Q5bMBQHoeaGwItf6M6-eCx8Wmhr_T9iBxQYeNAL8WFotdk8lFG0dcAa_s0VlWPuh7Kajb8X8i6K9v7ppJQ&#038;oh=00_Af1H4CpOltK6690n6DeuulhKsDQyarV-dP3QrC36VjLG3A&#038;oe=69F64B31\">\n\t\t<a href=\"https:\/\/facebook.com\/356485757711824\" target=\"_blank\" rel=\"nofollow noopener\" ><img decoding=\"async\" src=\"https:\/\/scontent-lhr6-2.xx.fbcdn.net\/v\/t39.30808-1\/294594582_473413994785832_4437590818649662908_n.jpg?stp=cp0_dst-jpg_s50x50_tt6&#038;_nc_cat=100&#038;ccb=1-7&#038;_nc_sid=f907e8&#038;_nc_ohc=RF6oB6H0zPwQ7kNvwH7YcSP&#038;_nc_oc=Adrn8P_mCrG_nbF65_lMpagK0KuzT-JVVHXSRncBMjlIfDaT7-pBhL4rQsZE6kkh7wE&#038;_nc_zt=24&#038;_nc_ht=scontent-lhr6-2.xx&#038;edm=AKIiGfEEAAAA&#038;_nc_gid=08rXtJju_25l43n-TdyWpw&#038;_nc_tpa=Q5bMBQHoeaGwItf6M6-eCx8Wmhr_T9iBxQYeNAL8WFotdk8lFG0dcAa_s0VlWPuh7Kajb8X8i6K9v7ppJQ&#038;oh=00_Af1H4CpOltK6690n6DeuulhKsDQyarV-dP3QrC36VjLG3A&#038;oe=69F64B31\" title=\"Trans-piades\" alt=\"Trans-piades\" width=40 height=40 onerror=\"this.style.display='none'\"><\/a>\n\t<\/div>\n<\/div>\n\n<div class=\"cff-post-text\" >\n\t<span class=\"cff-text\" data-color=\"\">\n\t\tUne petite derni\u00e8re avant les randos de No\u00ebl ? \ud83d\ude01\t\t\t<\/span>\n\t<span class=\"cff-expand\">&#8230; <a href=\"#\" style=\"color: #\"><span class=\"cff-more\">Voir plus<\/span><span class=\"cff-less\">Voir moins<\/span><\/a><\/span>\n\n<\/div>\n\n\n<div class=\"cff-shared-link \" >\n\t<div class=\"cff-text-link cff-no-image\">\n\t\t\t\t\t<p class=\"cff-link-title\" >\n\t\t\t\t<a href=\"https:\/\/facebook.com\/356485757711824\" target=\"_blank\"  rel=\"nofollow noopener noreferrer\" style=\"color:#;\">This content isn&rsquo;t available right now<\/a>\n\t\t\t<\/p>\n\t\t\n\t\t\n\t\t\t\t\t<span class=\"cff-post-desc\" >When this happens, it&#039;s usually because the owner only shared it with a small group of people, changed who can see it or it&#039;s been deleted.<\/span>\n\t\t\t\t\n\t<\/div>\n<\/div>\n\n\t<div class=\"cff-post-links\">\n\t\t\t\t\t<a class=\"cff-viewpost-facebook\" href=\"https:\/\/www.facebook.com\/356485757711824\/posts\/1424372776356611\" title=\"View on Facebook\" target=\"_blank\" rel=\"nofollow noopener\" >View on Facebook<\/a>\n\t\t\t\t\t\t\t<div class=\"cff-share-container\">\n\t\t\t\t\t\t\t\t\t<span class=\"cff-dot\" >&middot;<\/span>\n\t\t\t\t\t\t\t\t<a class=\"cff-share-link\" href=\"https:\/\/www.facebook.com\/sharer\/sharer.php?u=https%3A%2F%2Fwww.facebook.com%2F356485757711824%2Fposts%2F1424372776356611\" title=\"Share\" >Share<\/a>\n\t\t\t\t<p class=\"cff-share-tooltip\">\n\t\t\t\t\t\t\t\t\t\t\t<a href=\"https:\/\/www.facebook.com\/sharer\/sharer.php?u=https%3A%2F%2Fwww.facebook.com%2F356485757711824%2Fposts%2F1424372776356611\" target=\"_blank\" rel=\"noopener noreferrer\" class=\"cff-facebook-icon\">\n\t\t\t\t\t\t\t<span class=\"fa fab fa-facebook-square\" aria-hidden=\"true\"><\/span>\n\t\t\t\t\t\t\t<span class=\"cff-screenreader\">Partager sur Facebook<\/span>\n\t\t\t\t\t\t<\/a>\n\t\t\t\t\t\t\t\t\t\t\t<a href=\"https:\/\/twitter.com\/intent\/tweet?text=https%3A%2F%2Fwww.facebook.com%2F356485757711824%2Fposts%2F1424372776356611\" target=\"_blank\" rel=\"noopener noreferrer\" class=\"cff-twitter-icon\">\n\t\t\t\t\t\t\t<span class=\"fa fab fa-twitter\" aria-hidden=\"true\"><\/span>\n\t\t\t\t\t\t\t<span class=\"cff-screenreader\">Partager sur Twitter<\/span>\n\t\t\t\t\t\t<\/a>\n\t\t\t\t\t\t\t\t\t\t\t<a href=\"https:\/\/www.linkedin.com\/shareArticle?mini=true&#038;url=https%3A%2F%2Fwww.facebook.com%2F356485757711824%2Fposts%2F1424372776356611&#038;title=%09%09%09Une%20petite%20derni%C3%A8re%20avant%20les%20randos%20de%20No%C3%ABl%20%3F%20%F0%9F%98%81%09%09%09%09\" target=\"_blank\" rel=\"noopener noreferrer\" class=\"cff-linkedin-icon\">\n\t\t\t\t\t\t\t<span class=\"fa fab fa-linkedin\" aria-hidden=\"true\"><\/span>\n\t\t\t\t\t\t\t<span class=\"cff-screenreader\">Partager sur LinkedIn<\/span>\n\t\t\t\t\t\t<\/a>\n\t\t\t\t\t\t\t\t\t\t\t<a href=\"mailto:?subject=Facebook&#038;body=https%3A%2F%2Fwww.facebook.com%2F356485757711824%2Fposts%2F1424372776356611%20-%20%0A%0A%09%0A%09%09Une%20petite%20derni%C3%A8re%20avant%20les%20randos%20de%20No%C3%ABl%20%3F%20%F0%9F%98%81%09%09%09%0A%09\" target=\"_blank\" rel=\"noopener noreferrer\" class=\"cff-email-icon\">\n\t\t\t\t\t\t\t<span class=\"fa fab fa-envelope\" aria-hidden=\"true\"><\/span>\n\t\t\t\t\t\t\t<span class=\"cff-screenreader\">Partager par email<\/span>\n\t\t\t\t\t\t<\/a>\n\t\t\t\t\t\t\t\t\t<\/p>\n\t\t\t<\/div>\n\t\t\t<\/div>\n\t<\/div>\n\n\n\n\n<div class=\"cff-likebox cff-bottom\" >\n\t\t<iframe title=\"Likebox Iframe\" src=\"\" class=\"fb_iframe_widget\" data-likebox-id=\"356485757711824\" data-likebox-width=\"300\" data-likebox-header=\"\" data-hide-cover=\"\" data-hide-cta=\"\" data-likebox-faces=\"\" data-height=\"130\" data-locale=\"en_US\" scrolling=\"no\" allowTransparency=\"true\" allow=\"encrypted-media\" ><\/iframe>\n<\/div>\n<\/div><input class=\"cff-pag-url\" type=\"hidden\" data-locatornonce=\"8890bb39eb\" data-cff-shortcode=\"{&quot;feed&quot;: &quot;1&quot;}\" data-post-id=\"2\" data-feed-id=\"356485757711824\"><\/div><\/div><div class=\"cff-clear\"><\/div><\/div>","protected":false},"excerpt":{"rendered":"<p>Randonn\u00e9e VTT labellis\u00e9e \u00ab\u00a0Randos d&rsquo;Or\u00a0\u00bb depuis 2003, organis\u00e9e par l\u2019association Verdon Trois Terroirs (V3T) depuis 1998. Elle a lieu chaque ann\u00e9e le WE du 2\u00e8me dimanche de juin. Devant moi&#8230;<\/p>\n","protected":false},"author":1,"featured_media":0,"parent":0,"menu_order":0,"comment_status":"closed","ping_status":"open","template":"","meta":[],"yoast_head":"<!-- This site is optimized with the Yoast SEO plugin v21.8.1 - https:\/\/yoast.com\/wordpress\/plugins\/seo\/ -->\n<title>Accueil - TransPiades<\/title>\n<meta name=\"robots\" content=\"index, follow, max-snippet:-1, max-image-preview:large, max-video-preview:-1\" \/>\n<link rel=\"canonical\" href=\"https:\/\/transpiades.com\/tp\/\" \/>\n<meta property=\"og:locale\" content=\"fr_FR\" \/>\n<meta property=\"og:type\" content=\"article\" \/>\n<meta property=\"og:title\" content=\"Accueil - TransPiades\" \/>\n<meta property=\"og:description\" content=\"Randonn\u00e9e VTT labellis\u00e9e \u00ab\u00a0Randos d&rsquo;Or\u00a0\u00bb depuis 2003, organis\u00e9e par l\u2019association Verdon Trois Terroirs (V3T) depuis 1998. Elle a lieu chaque ann\u00e9e le WE du 2\u00e8me dimanche de juin. Devant moi...\" \/>\n<meta property=\"og:url\" content=\"https:\/\/transpiades.com\/tp\/\" \/>\n<meta property=\"og:site_name\" content=\"TransPiades\" \/>\n<meta property=\"article:publisher\" content=\"https:\/\/www.facebook.com\/verdon3terroirs\" \/>\n<meta property=\"article:modified_time\" content=\"2026-04-01T19:30:22+00:00\" \/>\n<meta property=\"og:image\" content=\"https:\/\/transpiades.com\/tp\/wp-content\/uploads\/2025\/11\/Fichier-7-1024x94.png\" \/>\n<meta name=\"twitter:card\" content=\"summary_large_image\" \/>\n<meta name=\"twitter:label1\" content=\"Dur\u00e9e de lecture estim\u00e9e\" \/>\n\t<meta name=\"twitter:data1\" content=\"1 minute\" \/>\n<script type=\"application\/ld+json\" class=\"yoast-schema-graph\">{\"@context\":\"https:\/\/schema.org\",\"@graph\":[{\"@type\":\"WebPage\",\"@id\":\"https:\/\/transpiades.com\/tp\/\",\"url\":\"https:\/\/transpiades.com\/tp\/\",\"name\":\"Accueil - TransPiades\",\"isPartOf\":{\"@id\":\"https:\/\/transpiades.com\/tp\/#website\"},\"datePublished\":\"2022-12-17T07:35:37+00:00\",\"dateModified\":\"2026-04-01T19:30:22+00:00\",\"breadcrumb\":{\"@id\":\"https:\/\/transpiades.com\/tp\/#breadcrumb\"},\"inLanguage\":\"fr-FR\",\"potentialAction\":[{\"@type\":\"ReadAction\",\"target\":[\"https:\/\/transpiades.com\/tp\/\"]}]},{\"@type\":\"BreadcrumbList\",\"@id\":\"https:\/\/transpiades.com\/tp\/#breadcrumb\",\"itemListElement\":[{\"@type\":\"ListItem\",\"position\":1,\"name\":\"Accueil\",\"item\":\"https:\/\/transpiades.com\/tp\/\"},{\"@type\":\"ListItem\",\"position\":2,\"name\":\"Accueil\"}]},{\"@type\":\"WebSite\",\"@id\":\"https:\/\/transpiades.com\/tp\/#website\",\"url\":\"https:\/\/transpiades.com\/tp\/\",\"name\":\"TransPiades\",\"description\":\"25\u00e8me Edition des TransPiades\",\"publisher\":{\"@id\":\"https:\/\/transpiades.com\/tp\/#organization\"},\"potentialAction\":[{\"@type\":\"SearchAction\",\"target\":{\"@type\":\"EntryPoint\",\"urlTemplate\":\"https:\/\/transpiades.com\/tp\/?s={search_term_string}\"},\"query-input\":\"required name=search_term_string\"}],\"inLanguage\":\"fr-FR\"},{\"@type\":\"Organization\",\"@id\":\"https:\/\/transpiades.com\/tp\/#organization\",\"name\":\"TransPiades\",\"url\":\"https:\/\/transpiades.com\/tp\/\",\"logo\":{\"@type\":\"ImageObject\",\"inLanguage\":\"fr-FR\",\"@id\":\"https:\/\/transpiades.com\/tp\/#\/schema\/logo\/image\/\",\"url\":\"https:\/\/transpiades.com\/tp\/wp-content\/uploads\/2023\/03\/cropped-Logo-transpiades-1-e1678998211342.png\",\"contentUrl\":\"https:\/\/transpiades.com\/tp\/wp-content\/uploads\/2023\/03\/cropped-Logo-transpiades-1-e1678998211342.png\",\"width\":434,\"height\":120,\"caption\":\"TransPiades\"},\"image\":{\"@id\":\"https:\/\/transpiades.com\/tp\/#\/schema\/logo\/image\/\"},\"sameAs\":[\"https:\/\/www.facebook.com\/verdon3terroirs\"]}]}<\/script>\n<!-- \/ Yoast SEO plugin. -->","yoast_head_json":{"title":"Accueil - TransPiades","robots":{"index":"index","follow":"follow","max-snippet":"max-snippet:-1","max-image-preview":"max-image-preview:large","max-video-preview":"max-video-preview:-1"},"canonical":"https:\/\/transpiades.com\/tp\/","og_locale":"fr_FR","og_type":"article","og_title":"Accueil - TransPiades","og_description":"Randonn\u00e9e VTT labellis\u00e9e \u00ab\u00a0Randos d&rsquo;Or\u00a0\u00bb depuis 2003, organis\u00e9e par l\u2019association Verdon Trois Terroirs (V3T) depuis 1998. Elle a lieu chaque ann\u00e9e le WE du 2\u00e8me dimanche de juin. Devant moi...","og_url":"https:\/\/transpiades.com\/tp\/","og_site_name":"TransPiades","article_publisher":"https:\/\/www.facebook.com\/verdon3terroirs","article_modified_time":"2026-04-01T19:30:22+00:00","og_image":[{"url":"https:\/\/transpiades.com\/tp\/wp-content\/uploads\/2025\/11\/Fichier-7-1024x94.png"}],"twitter_card":"summary_large_image","twitter_misc":{"Dur\u00e9e de lecture estim\u00e9e":"1 minute"},"schema":{"@context":"https:\/\/schema.org","@graph":[{"@type":"WebPage","@id":"https:\/\/transpiades.com\/tp\/","url":"https:\/\/transpiades.com\/tp\/","name":"Accueil - TransPiades","isPartOf":{"@id":"https:\/\/transpiades.com\/tp\/#website"},"datePublished":"2022-12-17T07:35:37+00:00","dateModified":"2026-04-01T19:30:22+00:00","breadcrumb":{"@id":"https:\/\/transpiades.com\/tp\/#breadcrumb"},"inLanguage":"fr-FR","potentialAction":[{"@type":"ReadAction","target":["https:\/\/transpiades.com\/tp\/"]}]},{"@type":"BreadcrumbList","@id":"https:\/\/transpiades.com\/tp\/#breadcrumb","itemListElement":[{"@type":"ListItem","position":1,"name":"Accueil","item":"https:\/\/transpiades.com\/tp\/"},{"@type":"ListItem","position":2,"name":"Accueil"}]},{"@type":"WebSite","@id":"https:\/\/transpiades.com\/tp\/#website","url":"https:\/\/transpiades.com\/tp\/","name":"TransPiades","description":"25\u00e8me Edition des TransPiades","publisher":{"@id":"https:\/\/transpiades.com\/tp\/#organization"},"potentialAction":[{"@type":"SearchAction","target":{"@type":"EntryPoint","urlTemplate":"https:\/\/transpiades.com\/tp\/?s={search_term_string}"},"query-input":"required name=search_term_string"}],"inLanguage":"fr-FR"},{"@type":"Organization","@id":"https:\/\/transpiades.com\/tp\/#organization","name":"TransPiades","url":"https:\/\/transpiades.com\/tp\/","logo":{"@type":"ImageObject","inLanguage":"fr-FR","@id":"https:\/\/transpiades.com\/tp\/#\/schema\/logo\/image\/","url":"https:\/\/transpiades.com\/tp\/wp-content\/uploads\/2023\/03\/cropped-Logo-transpiades-1-e1678998211342.png","contentUrl":"https:\/\/transpiades.com\/tp\/wp-content\/uploads\/2023\/03\/cropped-Logo-transpiades-1-e1678998211342.png","width":434,"height":120,"caption":"TransPiades"},"image":{"@id":"https:\/\/transpiades.com\/tp\/#\/schema\/logo\/image\/"},"sameAs":["https:\/\/www.facebook.com\/verdon3terroirs"]}]}},"_links":{"self":[{"href":"https:\/\/transpiades.com\/tp\/wp-json\/wp\/v2\/pages\/2"}],"collection":[{"href":"https:\/\/transpiades.com\/tp\/wp-json\/wp\/v2\/pages"}],"about":[{"href":"https:\/\/transpiades.com\/tp\/wp-json\/wp\/v2\/types\/page"}],"author":[{"embeddable":true,"href":"https:\/\/transpiades.com\/tp\/wp-json\/wp\/v2\/users\/1"}],"replies":[{"embeddable":true,"href":"https:\/\/transpiades.com\/tp\/wp-json\/wp\/v2\/comments?post=2"}],"version-history":[{"count":78,"href":"https:\/\/transpiades.com\/tp\/wp-json\/wp\/v2\/pages\/2\/revisions"}],"predecessor-version":[{"id":1115,"href":"https:\/\/transpiades.com\/tp\/wp-json\/wp\/v2\/pages\/2\/revisions\/1115"}],"wp:attachment":[{"href":"https:\/\/transpiades.com\/tp\/wp-json\/wp\/v2\/media?parent=2"}],"curies":[{"name":"wp","href":"https:\/\/api.w.org\/{rel}","templated":true}]}}