{"id":921,"date":"2025-02-24T20:56:15","date_gmt":"2025-02-24T19:56:15","guid":{"rendered":"https:\/\/transpiades.com\/tp\/?page_id=921"},"modified":"2026-04-01T22:34:06","modified_gmt":"2026-04-01T20:34:06","slug":"le-programme-des-transpiades-2025","status":"publish","type":"page","link":"https:\/\/transpiades.com\/tp\/le-programme-des-transpiades-2025\/","title":{"rendered":"Le programme des TRANSPIADES 2026"},"content":{"rendered":"\n<blockquote class=\"wp-block-quote\">\n<p>Pour ne rater aucune actualit\u00e9 des Transpiades, <strong>suivez-nous sur Facebook <\/strong>! Le logo ci-dessous renvoie vers notre page (facebook.com\/verdon3terroirs).<\/p>\n<cite>L&rsquo;\u00e9quipe V3T<\/cite><\/blockquote>\n\n\n<div class=\"wp-block-image\">\n<figure class=\"aligncenter size-full is-resized\"><a href=\"https:\/\/www.facebook.com\/verdon3terroirs\/\"><img decoding=\"async\" loading=\"lazy\" src=\"https:\/\/transpiades.com\/tp\/wp-content\/uploads\/2023\/04\/Facebook_f_logo_2019.svg_.webp\" alt=\"\" class=\"wp-image-563\" width=\"76\" height=\"76\" srcset=\"https:\/\/transpiades.com\/tp\/wp-content\/uploads\/2023\/04\/Facebook_f_logo_2019.svg_.webp 768w, https:\/\/transpiades.com\/tp\/wp-content\/uploads\/2023\/04\/Facebook_f_logo_2019.svg_-300x300.webp 300w, https:\/\/transpiades.com\/tp\/wp-content\/uploads\/2023\/04\/Facebook_f_logo_2019.svg_-150x150.webp 150w, https:\/\/transpiades.com\/tp\/wp-content\/uploads\/2023\/04\/Facebook_f_logo_2019.svg_-450x450.webp 450w\" sizes=\"(max-width: 76px) 100vw, 76px\" \/><\/a><\/figure><\/div>\n\n\n<div style=\"height:34px\" aria-hidden=\"true\" class=\"wp-block-spacer\"><\/div>\n\n\n\n<figure class=\"wp-block-gallery has-nested-images columns-default is-cropped wp-block-gallery-1 is-layout-flex\">\n<figure class=\"wp-block-image size-large\"><img decoding=\"async\" loading=\"lazy\" width=\"723\" height=\"1024\" data-id=\"1111\"  src=\"https:\/\/transpiades.com\/tp\/wp-content\/uploads\/2026\/04\/affiche-transpiades-2026_institutionnels-723x1024.png\" alt=\"\" class=\"wp-image-1111\" srcset=\"https:\/\/transpiades.com\/tp\/wp-content\/uploads\/2026\/04\/affiche-transpiades-2026_institutionnels-723x1024.png 723w, https:\/\/transpiades.com\/tp\/wp-content\/uploads\/2026\/04\/affiche-transpiades-2026_institutionnels-212x300.png 212w, https:\/\/transpiades.com\/tp\/wp-content\/uploads\/2026\/04\/affiche-transpiades-2026_institutionnels-768x1088.png 768w, https:\/\/transpiades.com\/tp\/wp-content\/uploads\/2026\/04\/affiche-transpiades-2026_institutionnels-1085x1536.png 1085w, https:\/\/transpiades.com\/tp\/wp-content\/uploads\/2026\/04\/affiche-transpiades-2026_institutionnels-1446x2048.png 1446w, https:\/\/transpiades.com\/tp\/wp-content\/uploads\/2026\/04\/affiche-transpiades-2026_institutionnels.png 1701w\" sizes=\"(max-width: 723px) 100vw, 723px\" \/><\/figure>\n<\/figure>\n\n\n\n<p class=\"has-text-align-center has-medium-font-size\">L\u2019association 100% b\u00e9n\u00e9vole \u2019\u2019<strong>Verdon Trois Terroirs<\/strong>\u2019\u2019 vous donne rendez-vous le week-end des<mark style=\"background-color:rgba(0, 0, 0, 0)\" class=\"has-inline-color has-vivid-red-color\">  <strong>13 et 14 juin 2026 \u00e0 Vinon-sur-Verdon<\/strong> <\/mark>(83560, Var) pour sa 28<sup>\u00e8me<\/sup> \u00e9dition des TRANSPIADES, randonn\u00e9es VTT lab\u00e9lis\u00e9e \u00ab RANDO D\u2019OR \u00bb, non chronom\u00e9tr\u00e9es sur sentiers balis\u00e9s, ouvertes \u00e0 tous. <\/p>\n\n\n\n<p class=\"has-text-align-center has-medium-font-size\"><strong>VTT mais pas que : gravel, randonn\u00e9e p\u00e9destre et soir\u00e9e sont aussi au programme de cette \u00e9dition !<\/strong><\/p>\n\n\n<div class=\"wp-block-image\">\n<figure class=\"aligncenter size-large is-resized\"><img decoding=\"async\" loading=\"lazy\" src=\"https:\/\/transpiades.com\/tp\/wp-content\/uploads\/2023\/03\/Sanglier-qui-court_modifie_2_light-1024x554.png\" alt=\"\" class=\"wp-image-255\" width=\"526\" height=\"284\"\/><\/figure><\/div>\n\n\n<h1 class=\"wp-block-heading has-text-align-center\"><mark style=\"background-color:rgba(0, 0, 0, 0)\" class=\"has-inline-color has-vivid-red-color\"><strong>LIEU<\/strong><\/mark><\/h1>\n\n\n\n<p class=\"has-text-align-center has-medium-font-size\">Petite particularit\u00e9 des TRANSPIADES : le d\u00e9part s\u2019effectue chaque ann\u00e9e depuis l\u2019un des 3 villages organisateurs (Ginasservis, Saint-Julien-le-Montagnier ou Vinon-sur-Verdon). Cette ann\u00e9e \u00e7a se passe ici :<\/p>\n\n\n\n<p class=\"has-text-align-center\" style=\"font-size:29px\"><strong>Stade Auguste Combe, route de Saint-Julien, 83560 Vinon-sur-Verdon <br>(43\u00b043&rsquo;35.5&Prime;N 5\u00b048&rsquo;53.9&Prime;E)<\/strong><\/p>\n\n\n\n<p class=\"has-text-align-center\"><a href=\"https:\/\/maps.app.goo.gl\/WXvxQaRZAvvwvvQ99\" target=\"_blank\" rel=\"noreferrer noopener\">https:\/\/maps.app.goo.gl\/WXvxQaRZAvvwvvQ99<\/a><\/p>\n\n\n\n<div style=\"height:100px\" aria-hidden=\"true\" class=\"wp-block-spacer\"><\/div>\n\n\n\n<h1 class=\"wp-block-heading has-text-align-center\"><mark style=\"background-color:rgba(0, 0, 0, 0)\" class=\"has-inline-color has-vivid-red-color\"><strong>PROGRAMME<\/strong><\/mark><\/h1>\n\n\n\n<h2 class=\"wp-block-heading has-text-align-center\">SAMEDI 13 JUIN 2026<\/h2>\n\n\n\n<div class=\"wp-block-buttons is-vertical is-content-justification-center is-layout-flex wp-container-3\">\n<div class=\"wp-block-button has-custom-width wp-block-button__width-100 is-style-fill\"><a class=\"wp-block-button__link wp-element-button\" href=\"https:\/\/transpiades.com\/tp\/crepu25\/\">Rando Cr\u00e9pusculaire<\/a><\/div>\n<\/div>\n\n\n\n<p class=\"has-text-align-center\">Une randonn\u00e9e (presque) au cr\u00e9puscule (<strong>18 km<\/strong>\/200 D+) avec son ravitaillement \u00ab\u00a0sp\u00e9cial\u00a0\u00bb. <br>Pour VTT et VTTAE<\/p>\n\n\n\n<div style=\"height:50px\" aria-hidden=\"true\" class=\"wp-block-spacer\"><\/div>\n\n\n\n<div class=\"wp-block-buttons is-vertical is-content-justification-center is-layout-flex wp-container-4\">\n<div class=\"wp-block-button has-custom-width wp-block-button__width-100\"><a class=\"wp-block-button__link wp-element-button\" href=\"https:\/\/transpiades.com\/tp\/soiree\">Soir\u00e9e<\/a><\/div>\n<\/div>\n\n\n\n<p class=\"has-text-align-center\">Barbecue g\u00e9ant (sur inscription) et soir\u00e9e concert en acc\u00e8s libre<\/p>\n\n\n\n<div style=\"height:50px\" aria-hidden=\"true\" class=\"wp-block-spacer\"><\/div>\n\n\n\n<h2 class=\"wp-block-heading has-text-align-center\">DIMANCHE 14 JUIN 2026<\/h2>\n\n\n\n<p class=\"has-text-align-center\">Des repas sont disponibles le dimanche midi sur r\u00e9servation lors des inscriptions, que vous soyez accompagnateur, randonneur, graveliste ou v\u00e9t\u00e9tiste.<\/p>\n\n\n\n<p class=\"has-text-align-center\">Attention : pour les mineurs de moins de 16 ans, une autorisation parentale est demand\u00e9e<br>ainsi que l\u2019accompagnement par un adulte.<\/p>\n\n\n\n<div style=\"height:50px\" aria-hidden=\"true\" class=\"wp-block-spacer\"><\/div>\n\n\n\n<div class=\"wp-block-buttons is-vertical is-content-justification-center is-layout-flex wp-container-5\">\n<div class=\"wp-block-button has-custom-width wp-block-button__width-100\"><a class=\"wp-block-button__link wp-element-button\" href=\"https:\/\/transpiades.com\/tp\/vtt25\">Randonn\u00e9es VTT<\/a><\/div>\n<\/div>\n\n\n\n<p><strong>Six p\u0430rc\u043eurs<\/strong> s\u043ent pr\u043ep\u043es\u00e9s \u0430ux p\u0430rt\u0456c\u0456p\u0430nts (tous adapt\u00e9s aux VTT et VTTAE) :<\/p>\n\n\n\n<ul>\n<li>2 parcours \u00ab <strong>FAMILLE<\/strong> \u00bb :\n<ul>\n<li><strong>10 km <\/strong>\/ 90 D+ : p\u0430rc\u043eurs \u00e0 faible d\u00e9nivel\u00e9 \u0435t \u0430d\u0430pt\u00e9 \u0430ux plus \u0458\u0435un\u0435s, essentiellement sur pistes, p\u0430rf\u0430\u0456t p\u043eur l\u0435s d\u00e9but\u0430nts.<\/li>\n\n\n\n<li><strong>20 km<\/strong> \/ 260 D+ : p\u0430rc\u043eurs p\u043eur un\u0435 pr\u0435m\u0456\u00e8r\u0435 \u0435xp\u00e9r\u0456\u0435nc\u0435 \u0435n VTT, b\u043eucl\u0435 lud\u0456qu\u0435 avec quelques singles faciles, \u00e0 d\u00e9n\u0456v\u0435l\u00e9 mod\u00e9r\u00e9.<\/li>\n<\/ul>\n<\/li>\n<\/ul>\n\n\n\n<ul>\n<li>2 p\u0430rc\u043eurs \u00ab <strong>RANDO<\/strong> \u00bb :\n<ul>\n<li><strong>30 km<\/strong> \/ 800 D+ : p\u0430rc\u043eurs sp\u043ert\u0456f p\u043eur l\u0435s v\u00e9t\u00e9t\u0456st\u0435s un peu entrain\u00e9s. <\/li>\n\n\n\n<li><strong>40 km<\/strong> \/ 860 D+ : <strong><mark style=\"background-color:rgba(0, 0, 0, 0)\" class=\"has-inline-color has-vivid-red-color\">l\u0430 b\u043eucl\u0435 h\u0456st\u043er\u0456qu\u0435 du tour des 3 v\u0456ll\u0430g\u0435s<\/mark><\/strong> d\u0435s Tr\u0430nsp\u0456\u0430d\u0435s (V\u0456n\u043en sur V\u0435rd\u043en, G\u0456n\u0430ss\u0435rv\u0456s \u0435t St Jul\u0456\u0435n l\u0435 M\u043ent\u0430gn\u0456\u0435r), p\u0430rc\u043eurs \u0430cc\u0435ss\u0456bl\u0435 \u00e0 t\u043eut b\u043en v\u00e9t\u00e9t\u0456st\u0435 un p\u0435u \u0435ntr\u0430\u00een\u00e9, \u00e0 tr\u0430v\u0435rs l\u0435s dr\u0430\u0456ll\u0435s \u0435t b\u0430nc\u0430us d\u0435 \u0420r\u043ev\u0435nc\u0435.<\/li>\n<\/ul>\n<\/li>\n<\/ul>\n\n\n\n<ul>\n<li>2 p\u0430rc\u043eurs \u00ab <strong>EX\u0420ERT<\/strong> \u00bb :\n<ul>\n<li style=\"text-transform:none\"><strong>55 km<\/strong> \/ 1350 D+ \u2014<strong> 70 km<\/strong> \/ 1850 D+ : p\u0430rc\u043eurs \u0435xp\u0435rts, f\u043erts d\u00e9n\u0456v\u0435l\u00e9s, p\u043eur l\u0435s v\u00e9t\u00e9t\u0456st\u0435s \u0430v\u0435rt\u0456s. C\u0435s d\u0435ux p\u0430rc\u043eurs \u043ent une grande partie de tr\u0430c\u00e9. Une barri\u00e8re horaire \u00e0 la derni\u00e8re bifurcation 55\/70 (au km30) sera \u00e9tablie.<\/li>\n<\/ul>\n<\/li>\n<\/ul>\n\n\n\n<div style=\"height:50px\" aria-hidden=\"true\" class=\"wp-block-spacer\"><\/div>\n\n\n\n<div class=\"wp-block-buttons is-content-justification-center is-layout-flex wp-container-6\">\n<div class=\"wp-block-button has-custom-width wp-block-button__width-100\"><a class=\"wp-block-button__link wp-element-button\" href=\"https:\/\/transpiades.com\/tp\/gravel25\/\">Randonn\u00e9es Gravel<\/a><\/div>\n<\/div>\n\n\n\n<p>Un parcours de <strong>70 km<\/strong> environ pour <strong>1050 m\u00e8tres de d\u00e9nivel\u00e9<\/strong>. 40 % de routes (majoritairement de petites routes) et 60 % de pistes. 3 ravitaillements.<\/p>\n\n\n\n<p>Une version raccourcie de <strong>50 km<\/strong> pour <strong>820 m\u00e8tres de d\u00e9nivel\u00e9<\/strong> est aussi propos\u00e9e avec 3 ravitaillement (50% routes, 50% pistes).<\/p>\n\n\n\n<p><strong>Parcours non balis\u00e9<\/strong>, trace GPX fournies quelques jours avant. GPS obligatoire.<\/p>\n\n\n\n<p>Ces boucles sont \u00e9videmment&nbsp;<strong>ouvertes aux VTTistes adeptes de parcours roulants<\/strong>&nbsp;sur pistes et petites routes.<\/p>\n\n\n\n<div style=\"height:50px\" aria-hidden=\"true\" class=\"wp-block-spacer\"><\/div>\n\n\n\n<div class=\"wp-block-buttons is-vertical is-content-justification-center is-layout-flex wp-container-7\">\n<div class=\"wp-block-button has-custom-width wp-block-button__width-100\"><a class=\"wp-block-button__link wp-element-button\" href=\"https:\/\/transpiades.com\/tp\/ped25\/\">Randonn\u00e9e P\u00e9destre<\/a><\/div>\n<\/div>\n\n\n\n<p>Un parcours de <strong>11 km <\/strong>pour un <strong>d\u00e9nivel\u00e9 de 430 m\u00e8tres<\/strong> environ, qui vous permettra de profiter de la richesse et de la diversit\u00e9 de notre territoire.<\/p>\n\n\n\n<h4 class=\"wp-block-heading has-text-align-center\"><mark style=\"background-color:rgba(0, 0, 0, 0)\" class=\"has-inline-color has-vivid-red-color\">Pas de trail cette ann\u00e9e mais libre aux sportifs de courir le parcours p\u00e9destre qui s&rsquo;y pr\u00eate tout \u00e0 fait<\/mark><\/h4>\n\n\n\n<div style=\"height:50px\" aria-hidden=\"true\" class=\"wp-block-spacer\"><\/div>\n\n\n\n<h1 class=\"wp-block-heading has-text-align-center\"><strong><mark style=\"background-color:rgba(0, 0, 0, 0)\" class=\"has-inline-color has-vivid-red-color\">HORAIRES<\/mark><\/strong><\/h1>\n\n\n\n<p class=\"has-medium-font-size\">Randonn\u00e9e <strong>cr\u00e9pusculaire<\/strong> : d\u00e9part group\u00e9 \u00e0 <strong>17h30<\/strong> le samedi 13 juin<\/p>\n\n\n\n<p class=\"has-medium-font-size\">Randonn\u00e9es du 14 juin :<\/p>\n\n\n\n<ul>\n<li class=\"has-medium-font-size\">Randonn\u00e9e <strong>p\u00e9destre<\/strong> : d\u00e9part libre de <strong>7h30 \u00e0 9h<\/strong><\/li>\n\n\n\n<li class=\"has-medium-font-size\">Randonn\u00e9es VTT <strong>10 km et 20 km<\/strong> : d\u00e9part libre de <strong>8h30 \u00e0 11h<\/strong><\/li>\n\n\n\n<li class=\"has-medium-font-size\">Randonn\u00e9e VTT <strong>30 km<\/strong> : d\u00e9part libre de <strong>7h \u00e0 10h<\/strong><\/li>\n\n\n\n<li class=\"has-medium-font-size\">Randonn\u00e9e VTT <strong>40 km<\/strong> : d\u00e9part libre de <strong>7h \u00e0 9h<\/strong><\/li>\n\n\n\n<li class=\"has-medium-font-size\">Randonn\u00e9es VTT <strong>55 km et 70 km<\/strong> : d\u00e9part libre de <strong>7h \u00e0 8h<\/strong><\/li>\n\n\n\n<li class=\"has-medium-font-size\">Randonn\u00e9es <strong>gravel<\/strong> : d\u00e9part libre de <strong>7h \u00e0 9h<\/strong><\/li>\n<\/ul>\n\n\n\n<div style=\"height:100px\" aria-hidden=\"true\" class=\"wp-block-spacer\"><\/div>\n\n\n\n<div class=\"wp-block-buttons is-vertical is-content-justification-center is-layout-flex wp-container-8\">\n<div class=\"wp-block-button has-custom-width wp-block-button__width-100 is-style-fill\"><a class=\"wp-block-button__link wp-element-button\" href=\"https:\/\/transpiades.com\/tp\/inscriptions\/\">INSCRIPTIONS<\/a><\/div>\n<\/div>\n\n\n\n<div class=\"wp-block-buttons is-vertical is-content-justification-center is-layout-flex wp-container-9\">\n<div class=\"wp-block-button has-custom-width wp-block-button__width-100 is-style-fill\"><a class=\"wp-block-button__link wp-element-button\" href=\"https:\/\/transpiades.com\/tp\/tarifs\/\">TARIFS<\/a><\/div>\n<\/div>\n","protected":false},"excerpt":{"rendered":"<p>Pour ne rater aucune actualit\u00e9 des Transpiades, suivez-nous sur Facebook ! Le logo ci-dessous renvoie vers notre page (facebook.com\/verdon3terroirs). L&rsquo;\u00e9quipe V3T L\u2019association 100% b\u00e9n\u00e9vole \u2019\u2019Verdon Trois Terroirs\u2019\u2019 vous donne rendez-vous&#8230;<\/p>\n","protected":false},"author":4,"featured_media":0,"parent":0,"menu_order":0,"comment_status":"closed","ping_status":"closed","template":"","meta":[],"yoast_head":"<!-- This site is optimized with the Yoast SEO plugin v21.8.1 - https:\/\/yoast.com\/wordpress\/plugins\/seo\/ -->\n<title>Le programme des TRANSPIADES 2026 - TransPiades<\/title>\n<meta name=\"robots\" content=\"index, follow, max-snippet:-1, max-image-preview:large, max-video-preview:-1\" \/>\n<link rel=\"canonical\" href=\"https:\/\/transpiades.com\/tp\/le-programme-des-transpiades-2025\/\" \/>\n<meta property=\"og:locale\" content=\"fr_FR\" \/>\n<meta property=\"og:type\" content=\"article\" \/>\n<meta property=\"og:title\" content=\"Le programme des TRANSPIADES 2026 - TransPiades\" \/>\n<meta property=\"og:description\" content=\"Pour ne rater aucune actualit\u00e9 des Transpiades, suivez-nous sur Facebook ! Le logo ci-dessous renvoie vers notre page (facebook.com\/verdon3terroirs). L&rsquo;\u00e9quipe V3T L\u2019association 100% b\u00e9n\u00e9vole \u2019\u2019Verdon Trois Terroirs\u2019\u2019 vous donne rendez-vous...\" \/>\n<meta property=\"og:url\" content=\"https:\/\/transpiades.com\/tp\/le-programme-des-transpiades-2025\/\" \/>\n<meta property=\"og:site_name\" content=\"TransPiades\" \/>\n<meta property=\"article:publisher\" content=\"https:\/\/www.facebook.com\/verdon3terroirs\" \/>\n<meta property=\"article:modified_time\" content=\"2026-04-01T20:34:06+00:00\" \/>\n<meta property=\"og:image\" content=\"https:\/\/transpiades.com\/tp\/wp-content\/uploads\/2023\/04\/Facebook_f_logo_2019.svg_.webp\" \/>\n<meta name=\"twitter:card\" content=\"summary_large_image\" \/>\n<meta name=\"twitter:label1\" content=\"Dur\u00e9e de lecture estim\u00e9e\" \/>\n\t<meta name=\"twitter:data1\" content=\"4 minutes\" \/>\n<script type=\"application\/ld+json\" class=\"yoast-schema-graph\">{\"@context\":\"https:\/\/schema.org\",\"@graph\":[{\"@type\":\"WebPage\",\"@id\":\"https:\/\/transpiades.com\/tp\/le-programme-des-transpiades-2025\/\",\"url\":\"https:\/\/transpiades.com\/tp\/le-programme-des-transpiades-2025\/\",\"name\":\"Le programme des TRANSPIADES 2026 - TransPiades\",\"isPartOf\":{\"@id\":\"https:\/\/transpiades.com\/tp\/#website\"},\"datePublished\":\"2025-02-24T19:56:15+00:00\",\"dateModified\":\"2026-04-01T20:34:06+00:00\",\"breadcrumb\":{\"@id\":\"https:\/\/transpiades.com\/tp\/le-programme-des-transpiades-2025\/#breadcrumb\"},\"inLanguage\":\"fr-FR\",\"potentialAction\":[{\"@type\":\"ReadAction\",\"target\":[\"https:\/\/transpiades.com\/tp\/le-programme-des-transpiades-2025\/\"]}]},{\"@type\":\"BreadcrumbList\",\"@id\":\"https:\/\/transpiades.com\/tp\/le-programme-des-transpiades-2025\/#breadcrumb\",\"itemListElement\":[{\"@type\":\"ListItem\",\"position\":1,\"name\":\"Accueil\",\"item\":\"https:\/\/transpiades.com\/tp\/\"},{\"@type\":\"ListItem\",\"position\":2,\"name\":\"Le programme des TRANSPIADES 2026\"}]},{\"@type\":\"WebSite\",\"@id\":\"https:\/\/transpiades.com\/tp\/#website\",\"url\":\"https:\/\/transpiades.com\/tp\/\",\"name\":\"TransPiades\",\"description\":\"25\u00e8me Edition des TransPiades\",\"publisher\":{\"@id\":\"https:\/\/transpiades.com\/tp\/#organization\"},\"potentialAction\":[{\"@type\":\"SearchAction\",\"target\":{\"@type\":\"EntryPoint\",\"urlTemplate\":\"https:\/\/transpiades.com\/tp\/?s={search_term_string}\"},\"query-input\":\"required name=search_term_string\"}],\"inLanguage\":\"fr-FR\"},{\"@type\":\"Organization\",\"@id\":\"https:\/\/transpiades.com\/tp\/#organization\",\"name\":\"TransPiades\",\"url\":\"https:\/\/transpiades.com\/tp\/\",\"logo\":{\"@type\":\"ImageObject\",\"inLanguage\":\"fr-FR\",\"@id\":\"https:\/\/transpiades.com\/tp\/#\/schema\/logo\/image\/\",\"url\":\"https:\/\/transpiades.com\/tp\/wp-content\/uploads\/2023\/03\/cropped-Logo-transpiades-1-e1678998211342.png\",\"contentUrl\":\"https:\/\/transpiades.com\/tp\/wp-content\/uploads\/2023\/03\/cropped-Logo-transpiades-1-e1678998211342.png\",\"width\":434,\"height\":120,\"caption\":\"TransPiades\"},\"image\":{\"@id\":\"https:\/\/transpiades.com\/tp\/#\/schema\/logo\/image\/\"},\"sameAs\":[\"https:\/\/www.facebook.com\/verdon3terroirs\"]}]}<\/script>\n<!-- \/ Yoast SEO plugin. -->","yoast_head_json":{"title":"Le programme des TRANSPIADES 2026 - TransPiades","robots":{"index":"index","follow":"follow","max-snippet":"max-snippet:-1","max-image-preview":"max-image-preview:large","max-video-preview":"max-video-preview:-1"},"canonical":"https:\/\/transpiades.com\/tp\/le-programme-des-transpiades-2025\/","og_locale":"fr_FR","og_type":"article","og_title":"Le programme des TRANSPIADES 2026 - TransPiades","og_description":"Pour ne rater aucune actualit\u00e9 des Transpiades, suivez-nous sur Facebook ! Le logo ci-dessous renvoie vers notre page (facebook.com\/verdon3terroirs). L&rsquo;\u00e9quipe V3T L\u2019association 100% b\u00e9n\u00e9vole \u2019\u2019Verdon Trois Terroirs\u2019\u2019 vous donne rendez-vous...","og_url":"https:\/\/transpiades.com\/tp\/le-programme-des-transpiades-2025\/","og_site_name":"TransPiades","article_publisher":"https:\/\/www.facebook.com\/verdon3terroirs","article_modified_time":"2026-04-01T20:34:06+00:00","og_image":[{"url":"https:\/\/transpiades.com\/tp\/wp-content\/uploads\/2023\/04\/Facebook_f_logo_2019.svg_.webp"}],"twitter_card":"summary_large_image","twitter_misc":{"Dur\u00e9e de lecture estim\u00e9e":"4 minutes"},"schema":{"@context":"https:\/\/schema.org","@graph":[{"@type":"WebPage","@id":"https:\/\/transpiades.com\/tp\/le-programme-des-transpiades-2025\/","url":"https:\/\/transpiades.com\/tp\/le-programme-des-transpiades-2025\/","name":"Le programme des TRANSPIADES 2026 - TransPiades","isPartOf":{"@id":"https:\/\/transpiades.com\/tp\/#website"},"datePublished":"2025-02-24T19:56:15+00:00","dateModified":"2026-04-01T20:34:06+00:00","breadcrumb":{"@id":"https:\/\/transpiades.com\/tp\/le-programme-des-transpiades-2025\/#breadcrumb"},"inLanguage":"fr-FR","potentialAction":[{"@type":"ReadAction","target":["https:\/\/transpiades.com\/tp\/le-programme-des-transpiades-2025\/"]}]},{"@type":"BreadcrumbList","@id":"https:\/\/transpiades.com\/tp\/le-programme-des-transpiades-2025\/#breadcrumb","itemListElement":[{"@type":"ListItem","position":1,"name":"Accueil","item":"https:\/\/transpiades.com\/tp\/"},{"@type":"ListItem","position":2,"name":"Le programme des TRANSPIADES 2026"}]},{"@type":"WebSite","@id":"https:\/\/transpiades.com\/tp\/#website","url":"https:\/\/transpiades.com\/tp\/","name":"TransPiades","description":"25\u00e8me Edition des TransPiades","publisher":{"@id":"https:\/\/transpiades.com\/tp\/#organization"},"potentialAction":[{"@type":"SearchAction","target":{"@type":"EntryPoint","urlTemplate":"https:\/\/transpiades.com\/tp\/?s={search_term_string}"},"query-input":"required name=search_term_string"}],"inLanguage":"fr-FR"},{"@type":"Organization","@id":"https:\/\/transpiades.com\/tp\/#organization","name":"TransPiades","url":"https:\/\/transpiades.com\/tp\/","logo":{"@type":"ImageObject","inLanguage":"fr-FR","@id":"https:\/\/transpiades.com\/tp\/#\/schema\/logo\/image\/","url":"https:\/\/transpiades.com\/tp\/wp-content\/uploads\/2023\/03\/cropped-Logo-transpiades-1-e1678998211342.png","contentUrl":"https:\/\/transpiades.com\/tp\/wp-content\/uploads\/2023\/03\/cropped-Logo-transpiades-1-e1678998211342.png","width":434,"height":120,"caption":"TransPiades"},"image":{"@id":"https:\/\/transpiades.com\/tp\/#\/schema\/logo\/image\/"},"sameAs":["https:\/\/www.facebook.com\/verdon3terroirs"]}]}},"_links":{"self":[{"href":"https:\/\/transpiades.com\/tp\/wp-json\/wp\/v2\/pages\/921"}],"collection":[{"href":"https:\/\/transpiades.com\/tp\/wp-json\/wp\/v2\/pages"}],"about":[{"href":"https:\/\/transpiades.com\/tp\/wp-json\/wp\/v2\/types\/page"}],"author":[{"embeddable":true,"href":"https:\/\/transpiades.com\/tp\/wp-json\/wp\/v2\/users\/4"}],"replies":[{"embeddable":true,"href":"https:\/\/transpiades.com\/tp\/wp-json\/wp\/v2\/comments?post=921"}],"version-history":[{"count":34,"href":"https:\/\/transpiades.com\/tp\/wp-json\/wp\/v2\/pages\/921\/revisions"}],"predecessor-version":[{"id":1145,"href":"https:\/\/transpiades.com\/tp\/wp-json\/wp\/v2\/pages\/921\/revisions\/1145"}],"wp:attachment":[{"href":"https:\/\/transpiades.com\/tp\/wp-json\/wp\/v2\/media?parent=921"}],"curies":[{"name":"wp","href":"https:\/\/api.w.org\/{rel}","templated":true}]}}